{"id":4439,"date":"2017-03-21T19:54:27","date_gmt":"2017-03-21T19:54:27","guid":{"rendered":"http:\/\/villa-mathis.com\/?page_id=4439\/"},"modified":"2020-08-10T05:59:04","modified_gmt":"2020-08-10T05:59:04","slug":"organizing-party-reception-wedding-alsace","status":"publish","type":"page","link":"https:\/\/villa-mathis.com\/en\/organizing-party-reception-wedding-alsace\/","title":{"rendered":"Organizing a party, a reception or a wedding in Alsace"},"content":{"rendered":"<div class=\"wpb-content-wrapper\"><p>[vc_row row_type=&#8221;full_width&#8221; type=&#8221;full_screen&#8221;][vc_column][vc_single_image image=&#8221;3090&#8243; img_size=&#8221;full&#8221;][\/vc_column][\/vc_row][vc_row row_type=&#8221;full_width&#8221; type=&#8221;container&#8221; bg_select=&#8221;bg_color_section&#8221; p_top=&#8221;50&#8243; p_bottom=&#8221;10&#8243;][vc_column]<div class=\"wbc-heading clearfix\"><h1 class=\"default-heading\" style=\"text-align:center;padding-bottom:10px;\">ORGANISER UNE F\u00caTE, UNE R\u00c9CEPTION OU UN MARIAGE EN ALSACE, AU COEUR DE NOTRE DOMAINE<\/h1><\/div>[vc_separator color=&#8221;custom&#8221; el_width=&#8221;20&#8243; accent_color=&#8221;#545454&#8243;]<div class=\"wbc-heading clearfix\"><h2 class=\"default-heading\" style=\"text-align:center;padding-bottom:10px;\">Notre \u00e9quipe est \u00e0 votre \u00e9coute et vous assure un \u00e9v\u00e9nement r\u00e9ussi et sur-mesure dans un lieu idyllique et authentique, en pleine nature, en Alsace, au c\u0153ur du massif des Vosges<\/h2><\/div>[vc_single_image image=&#8221;1313&#8243; img_size=&#8221;full&#8221; alignment=&#8221;center&#8221; css=&#8221;.vc_custom_1468310990102{padding-top: 15px !important;padding-bottom: 10px !important;}&#8221;]<div class=\"wbc-heading clearfix\"><h3 class=\"default-heading\" style=\"line-height:25px;text-align:center;margin-top:30px;padding-bottom:60px;\">Un service personnalis\u00e9, des menus adapt\u00e9s, les nombreux conseils de nos experts vous permettront d\u2019\u00eatre guid\u00e9 et accompagn\u00e9.<\/h3><\/div>[\/vc_column][\/vc_row][vc_row row_type=&#8221;full_width&#8221; type=&#8221;container&#8221; bg_select=&#8221;bg_color_section&#8221; p_bottom=&#8221;50&#8243;][vc_column width=&#8221;1\/3&#8243;]<div class=\"wbc-heading clearfix\"><h3 class=\"special-heading-3\" style=\"font-size:20px;color:#ad2f32;\">NOTRE ACCOMPAGNEMENT<\/h3><\/div>[vc_column_text]<\/p>\n<p style=\"text-align: justify;\">Listening to you, adapting to the meaning you want to give to your event, making promises and respecting them so that it is truly the best day of your life! Getting to know you,&nbsp;committing ourselves to your project and standing side by side is our recipe for success for the organisation of your events.<\/p>\n<p>[\/vc_column_text][\/vc_column][vc_column width=&#8221;1\/3&#8243;][vc_single_image image=&#8221;3102&#8243; img_size=&#8221;full&#8221; alignment=&#8221;center&#8221;][\/vc_column][vc_column width=&#8221;1\/3&#8243;]<div class=\"wbc-heading clearfix\"><h3 class=\"special-heading-3\" style=\"font-size:20px;color:#ad2f32;\">POUR LES ENFANTS<\/h3><\/div>[vc_column_text]<\/p>\n<p style=\"text-align: justify;\">We have a space put aside especially for children! It is fitted out with a video projector and is roomy enough for up to 50 kids.<\/p>\n<p style=\"text-align: justify;\">Based on our collective experience we can offer many varied options to occupy and look after the children.<\/p>\n<p>[\/vc_column_text][\/vc_column][\/vc_row][vc_row row_type=&#8221;full_width&#8221; type=&#8221;container&#8221;][vc_column width=&#8221;1\/3&#8243;][vc_single_image image=&#8221;3403&#8243; img_size=&#8221;full&#8221; alignment=&#8221;center&#8221;][\/vc_column][vc_column width=&#8221;1\/3&#8243;]<div class=\"wbc-heading clearfix\"><h3 class=\"special-heading-3\" style=\"font-size:20px;color:#ad2f32;\">NOTRE CUISINE<\/h3><\/div>[vc_column_text]<\/p>\n<p style=\"text-align: justify;\">Fine dining is orchestrated by our Chef and his team in our on site kitchens. He prides himself on using locally sourced produce to elaborate dishes which are both refined and delicious. Whatever theme you are going for our team can accommodate your choice\/style being it a full course set menu meal, a buffet, a Garden party or&nbsp; cocktails!<br \/>\nWe have a selection of drinks available onsite&#8230; our big plus is that we don&#8217;t impose corkage fees so you have the liberty of sourcing\/selecting your wines, spirits and champagnes to go with your event!<\/p>\n<p>[\/vc_column_text][\/vc_column][vc_column width=&#8221;1\/3&#8243;][vc_single_image image=&#8221;3555&#8243; img_size=&#8221;360&#215;195&#8243; alignment=&#8221;center&#8221;][\/vc_column][\/vc_row][vc_row row_type=&#8221;full_width&#8221; type=&#8221;container&#8221; bg_select=&#8221;bg_color_section&#8221; p_top=&#8221;40&#8243;][vc_column width=&#8221;1\/3&#8243; bg_color=&#8221;#a99d95&#8243; p_top=&#8221;30&#8243;][vc_btn title=&#8221;Ask for a quote&#8221; style=&#8221;custom&#8221; custom_background=&#8221;#ad2f32&#8243; custom_text=&#8221;#ffffff&#8221; size=&#8221;lg&#8221; align=&#8221;center&#8221; i_icon_fontawesome=&#8221;fa fa-envelope-o&#8221; add_icon=&#8221;true&#8221; link=&#8221;url:https%3A%2F%2Fvilla-mathis.com%2Fen%2Fenrequest-a-quote%2F|title:Demande%20de%20devis|&#8221;][\/vc_column][vc_column width=&#8221;1\/3&#8243; bg_color=&#8221;#a99d95&#8243; p_top=&#8221;30&#8243;][vc_btn title=&#8221;View our brochures&#8221; style=&#8221;custom&#8221; custom_background=&#8221;#ad2f32&#8243; custom_text=&#8221;#ffffff&#8221; size=&#8221;lg&#8221; align=&#8221;center&#8221; i_icon_fontawesome=&#8221;fa fa-file-pdf-o&#8221; add_icon=&#8221;true&#8221; link=&#8221;url:https%3A%2F%2Fvilla-mathis.com%2Fen%2Fdiscover-our-offers-brochures%2F|&#8221;][\/vc_column][vc_column width=&#8221;1\/3&#8243; bg_color=&#8221;#a99d95&#8243; p_top=&#8221;30&#8243;][vc_btn title=&#8221;Check availability calendar&#8221; style=&#8221;custom&#8221; custom_background=&#8221;#ad2f32&#8243; custom_text=&#8221;#ffffff&#8221; size=&#8221;lg&#8221; align=&#8221;center&#8221; i_icon_fontawesome=&#8221;far fa-calendar-alt&#8221; add_icon=&#8221;true&#8221; link=&#8221;url:https%3A%2F%2Fvilla-mathis.com%2Fen%2Fenonline-availability-calendar%2F|&#8221;][\/vc_column][\/vc_row][vc_row row_type=&#8221;full_width&#8221; type=&#8221;container&#8221; bg_select=&#8221;bg_color_section&#8221;][vc_column bg_color=&#8221;#a99d95&#8243; p_bottom=&#8221;15&#8243; m_bottom=&#8221;30&#8243;]<div class=\"wbc-heading clearfix\"><h3 class=\"default-heading\" style=\"color:#ffffff;text-align:center;\">Reposez-vous sur notre expertise dans l\u2019organisation de f\u00eates, r\u00e9ceptions et mariages, nous prenons les ulc\u00e8res !<\/h3><\/div>[\/vc_column][\/vc_row][vc_row row_type=&#8221;full_width&#8221; type=&#8221;container&#8221; bg_select=&#8221;bg_color_section&#8221; bg_color=&#8221;#ffffff&#8221; anchor=&#8221;about&#8221; border_color=&#8221;#ffffff&#8221;][vc_column p_top=&#8221;30&#8243; p_bottom=&#8221;30&#8243;]<div class=\"wbc-heading clearfix\"><h1 class=\"default-heading\" style=\"text-align:center;padding-bottom:10px;\">UNE ID\u00c9E, UNE ENVIE ?<\/h1><\/div>[vc_separator color=&#8221;custom&#8221; el_width=&#8221;20&#8243; accent_color=&#8221;#545454&#8243;]<div class=\"wbc-heading clearfix\"><h2 class=\"default-heading\" style=\"text-align:center;padding-bottom:10px;\">Nous vous accompagnons pour que vos id\u00e9es deviennent r\u00e9alit\u00e9.<\/h2><\/div>[vc_single_image image=&#8221;1313&#8243; img_size=&#8221;full&#8221; alignment=&#8221;center&#8221; css=&#8221;.vc_custom_1468310990102{padding-top: 15px !important;padding-bottom: 10px !important;}&#8221;]<div class=\"wbc-heading clearfix\"><h3 class=\"default-heading\" style=\"line-height:25px;text-align:center;margin-top:30px;padding-bottom:60px;\">\u00c0 la Villa Mathis tout devient possible !<\/h3><\/div>[\/vc_column][\/vc_row][vc_row row_type=&#8221;full_width&#8221; type=&#8221;container&#8221; bg_select=&#8221;bg_color_section&#8221; bg_color=&#8221;#ffffff&#8221; anchor=&#8221;about&#8221;][vc_column width=&#8221;1\/2&#8243; p_bottom=&#8221;20&#8243;]<div class=\"wbc-heading clearfix\"><h3 class=\"special-heading-3\" style=\"font-size:20px;color:#ad2f32;\">NOTRE ACCOMPAGNEMENT pour plus de s\u00e9r\u00e9nit\u00e9<\/h3><\/div>[vc_column_text]<\/p>\n<ul>\n<li>Experts since 2006 in the organization of weddings (about 25 per year)<\/li>\n<li>Organization and professional services convivial &amp; warm Provider<\/li>\n<li>Advice on&nbsp; DJ&#8217;s, flowers, nannies &#8230;. (no obligation !)<\/li>\n<li>Pack of materials for lay ceremonies<\/li>\n<\/ul>\n<p>[\/vc_column_text]<div class=\"wbc-heading clearfix\"><h3 class=\"special-heading-3\" style=\"font-size:20px;color:#ad2f32;\">NOS CAPACIT\u00c9S D\u2019ACCUEIL<\/h3><\/div>[vc_column_text]<strong>For cocktails:<\/strong> up to 250 people<br \/>\n<strong>For dinner &amp; dancing:<\/strong> up to 130 adults and 50 children in round tables or, on 2 levels, up to 160 adults and 50 children. Still not enough room \u2026.need more then why not ask about our marquee rental solutions![\/vc_column_text][\/vc_column][vc_column width=&#8221;1\/2&#8243; p_bottom=&#8221;20&#8243;][vc_single_image image=&#8221;3115&#8243; img_size=&#8221;full&#8221; alignment=&#8221;center&#8221;][\/vc_column][\/vc_row][vc_row row_type=&#8221;full_width&#8221; type=&#8221;container&#8221; bg_select=&#8221;bg_color_section&#8221; bg_color=&#8221;#ffffff&#8221; anchor=&#8221;about&#8221; p_bottom=&#8221;20&#8243;][vc_column width=&#8221;1\/2&#8243; p_bottom=&#8221;20&#8243;][vc_single_image image=&#8221;3098&#8243; img_size=&#8221;full&#8221; alignment=&#8221;center&#8221;][\/vc_column][vc_column width=&#8221;1\/2&#8243;]<div class=\"wbc-heading clearfix\"><h3 class=\"special-heading-3\" style=\"font-size:20px;color:#ad2f32;\">SERVICES SUR PLACE<\/h3><\/div>[vc_column_text]<\/p>\n<ul>\n<li>Our chef and his team<\/li>\n<li>Our waiting staff &amp; our cleaning team<\/li>\n<li>27 rooms (60 pers.) + 2 rooms suitable for dormitories<\/li>\n<li>Addresses of local chalets &amp; g\u00eetes (self catering accommodation) (40 pers.)<\/li>\n<\/ul>\n<p>[\/vc_column_text]<div class=\"wbc-heading clearfix\"><h3 class=\"special-heading-3\" style=\"font-size:20px;color:#ad2f32;\">NOS MENUS<\/h3><\/div>[vc_column_text]<\/p>\n<ul>\n<li>D-day :<br \/>\nOutdoor cocktail with an indoor possibility<br \/>\nOriginal or classic menu you choice!<br \/>\n&nbsp;4 or 5 course menu \/ Premium Raclette \/ &nbsp;Barbecue<\/li>\n<li>The&nbsp;day after : Buffet breakfast \/ Brunch \/ cosy barbecue \/ Boar on the spit \/ tarte flamb\u00e9e (Alsatian speciality!)<\/li>\n<\/ul>\n<p>[\/vc_column_text][\/vc_column][\/vc_row][vc_row row_type=&#8221;full_width&#8221; type=&#8221;container&#8221; bg_select=&#8221;bg_color_section&#8221; bg_color=&#8221;#ffffff&#8221; anchor=&#8221;about&#8221;][vc_column width=&#8221;1\/2&#8243; p_bottom=&#8221;20&#8243;]<div class=\"wbc-heading clearfix\"><h3 class=\"special-heading-3\" style=\"font-size:20px;color:#ad2f32;\">NOS +<\/h3><\/div>[vc_column_text]<\/p>\n<ul>\n<li>Horaires sans limites !<\/li>\n<li>Droits de bouchon offerts : apportez vos vins &amp; alcools forts !<\/li>\n<li>Pour les plus jeunes, nous mettons \u00e0 disposition un espace am\u00e9nageable de jeux avec vid\u00e9o-projecteur<\/li>\n<\/ul>\n<p>[\/vc_column_text]<div class=\"wbc-heading clearfix\"><h3 class=\"special-heading-3\" style=\"font-size:20px;color:#ad2f32;\">NOS SERVICES INCLUS<\/h3><\/div>[vc_column_text]<\/p>\n<ul>\n<li>Plus qu\u2019un travail, notre organisatrice vous accompagne avec son c\u0153ur et visualise le mariage \u00e0 la&nbsp; Villa pour \u00e9viter d\u2019oublier quoi que ce soit. Le diable est dans les d\u00e9tails !<\/li>\n<li>Mise en place de nos tables et nos chaises par notre \u00e9quipe<\/li>\n<li>Nappage blanc et serviettes blanches en tissu inclus<\/li>\n<li>Mise en place de nos verres et de nos couverts sur table selon votre plan de salle<\/li>\n<li>Nos \u00e9quipes de cuisine et de service embauch\u00e9es \u00e0 l\u2019ann\u00e9e et en extra<\/li>\n<li>Am\u00e9nagement de votre menu selon vos envies et les capacit\u00e9s de notre \u00e9quipe de cuisine<\/li>\n<li>Nettoyage des espaces suite \u00e0 votre \u00e9v\u00e8nement<\/li>\n<li>Rangement de votre d\u00e9coration en carton<\/li>\n<li>Rangement de vos boissons restantes en carton pour que vous n\u2019ayez plus qu\u2019\u00e0 les charger dans vos v\u00e9hicules<\/li>\n<\/ul>\n<p>[\/vc_column_text][\/vc_column][vc_column width=&#8221;1\/2&#8243; p_bottom=&#8221;20&#8243;][vc_single_image image=&#8221;3097&#8243; img_size=&#8221;full&#8221; alignment=&#8221;center&#8221;][\/vc_column][\/vc_row][vc_row row_type=&#8221;full_width&#8221; type=&#8221;container&#8221; bg_select=&#8221;bg_color_section&#8221; p_top=&#8221;40&#8243;][vc_column width=&#8221;1\/3&#8243; bg_color=&#8221;#a99d95&#8243; p_top=&#8221;30&#8243;][vc_btn title=&#8221;Ask for a quote&#8221; style=&#8221;custom&#8221; custom_background=&#8221;#ad2f32&#8243; custom_text=&#8221;#ffffff&#8221; size=&#8221;lg&#8221; align=&#8221;center&#8221; i_icon_fontawesome=&#8221;fa fa-envelope-o&#8221; add_icon=&#8221;true&#8221; link=&#8221;url:https%3A%2F%2Fvilla-mathis.com%2Fen%2Fenrequest-a-quote%2F|title:Demande%20de%20devis|&#8221;][\/vc_column][vc_column width=&#8221;1\/3&#8243; bg_color=&#8221;#a99d95&#8243; p_top=&#8221;30&#8243;][vc_btn title=&#8221;View our brochures&#8221; style=&#8221;custom&#8221; custom_background=&#8221;#ad2f32&#8243; custom_text=&#8221;#ffffff&#8221; size=&#8221;lg&#8221; align=&#8221;center&#8221; i_icon_fontawesome=&#8221;fa fa-file-pdf-o&#8221; add_icon=&#8221;true&#8221; link=&#8221;url:https%3A%2F%2Fvilla-mathis.com%2Fen%2Fdiscover-our-offers-brochures%2F|&#8221;][\/vc_column][vc_column width=&#8221;1\/3&#8243; bg_color=&#8221;#a99d95&#8243; p_top=&#8221;30&#8243;][vc_btn title=&#8221;Check availability calendar&#8221; style=&#8221;custom&#8221; custom_background=&#8221;#ad2f32&#8243; custom_text=&#8221;#ffffff&#8221; size=&#8221;lg&#8221; align=&#8221;center&#8221; i_icon_fontawesome=&#8221;far fa-calendar-alt&#8221; add_icon=&#8221;true&#8221; link=&#8221;url:https%3A%2F%2Fvilla-mathis.com%2Fen%2Fenonline-availability-calendar%2F|&#8221;][\/vc_column][\/vc_row][vc_row row_type=&#8221;full_width&#8221; type=&#8221;container&#8221; bg_select=&#8221;bg_color_section&#8221;][vc_column bg_color=&#8221;#a99d95&#8243; p_bottom=&#8221;15&#8243; m_bottom=&#8221;30&#8243;]<div class=\"wbc-heading clearfix\"><h3 class=\"default-heading\" style=\"color:#ffffff;text-align:center;\">Reposez-vous sur notre expertise dans l\u2019organisation de mariages et banquets, nous prenons les ulc\u00e8res !<\/h3><\/div>[\/vc_column][\/vc_row][vc_row row_type=&#8221;full_width&#8221; type=&#8221;container&#8221; p_top=&#8221;30&#8243; p_bottom=&#8221;10&#8243;][vc_column]<div class=\"wbc-heading clearfix\"><h3 class=\"special-heading-3\" style=\"font-size:20px;color:#ad2f32;\">NOUVEAUT\u00c9S<\/h3><\/div>[vc_column_text css=&#8221;.vc_custom_1475397210308{padding-bottom: 30px !important;}&#8221;]<\/p>\n<ul>\n<li>Nous pouvons \u00e9galement vous proposer une location de salle simple de notre domaine ou une privatisation compl\u00e8te selon vos besoins, <a href=\"https:\/\/villa-mathis.com\/#contact\">nous contacter pour toute demande<\/a><\/li>\n<\/ul>\n<p>[\/vc_column_text][vc_column_text]<\/p>\n<p style=\"text-align: center;\">All these different stress free points make for a happy couple at your&nbsp;villa Mathis wedding<\/p>\n<p>[\/vc_column_text][\/vc_column][\/vc_row]<\/p>\n<\/div>","protected":false},"excerpt":{"rendered":"<p>[vc_row row_type=&#8221;full_width&#8221; type=&#8221;full_screen&#8221;][vc_column][vc_single_image image=&#8221;3090&#8243; img_size=&#8221;full&#8221;][\/vc_column][\/vc_row][vc_row row_type=&#8221;full_width&#8221; type=&#8221;container&#8221; bg_select=&#8221;bg_color_section&#8221; p_top=&#8221;50&#8243; p_bottom=&#8221;10&#8243;][vc_column][vc_separator color=&#8221;custom&#8221; el_width=&#8221;20&#8243; accent_color=&#8221;#545454&#8243;][vc_single_image image=&#8221;1313&#8243; img_size=&#8221;full&#8221; alignment=&#8221;center&#8221; css=&#8221;.vc_custom_1468310990102{padding-top: 15px !important;padding-bottom: 10px !important;}&#8221;][\/vc_column][\/vc_row][vc_row row_type=&#8221;full_width&#8221; type=&#8221;container&#8221; bg_select=&#8221;bg_color_section&#8221; p_bottom=&#8221;50&#8243;][vc_column width=&#8221;1\/3&#8243;][vc_column_text] Listening to you, adapting to the meaning you want to give to your event, making promises and respecting them so that it is truly the best day of your [&hellip;]<\/p>\n","protected":false},"author":4,"featured_media":0,"parent":0,"menu_order":0,"comment_status":"closed","ping_status":"closed","template":"template-page-full.php","meta":{"ngg_post_thumbnail":0,"footnotes":""},"yoast_head":"<!-- This site is optimized with the Yoast SEO plugin v22.4 - https:\/\/yoast.com\/wordpress\/plugins\/seo\/ -->\n<title>Organizing a party, a reception or a wedding in Alsace - La Villa Mathis<\/title>\n<meta name=\"description\" content=\"A reception or a wedding in Alsace ,in the heart of our domain\/estate!\u00a0\" \/>\n<meta name=\"robots\" content=\"index, follow, max-snippet:-1, max-image-preview:large, max-video-preview:-1\" \/>\n<link rel=\"canonical\" href=\"https:\/\/villa-mathis.com\/en\/organizing-party-reception-wedding-alsace\/\" \/>\n<meta property=\"og:locale\" content=\"en_US\" \/>\n<meta property=\"og:type\" content=\"article\" \/>\n<meta property=\"og:title\" content=\"Organizing a party, a reception or a wedding in Alsace - La Villa Mathis\" \/>\n<meta property=\"og:description\" content=\"A reception or a wedding in Alsace ,in the heart of our domain\/estate!\u00a0\" \/>\n<meta property=\"og:url\" content=\"https:\/\/villa-mathis.com\/en\/organizing-party-reception-wedding-alsace\/\" \/>\n<meta property=\"og:site_name\" content=\"La Villa Mathis\" \/>\n<meta property=\"article:publisher\" content=\"https:\/\/www.facebook.com\/VillaMathis\" \/>\n<meta property=\"article:modified_time\" content=\"2020-08-10T05:59:04+00:00\" \/>\n<meta name=\"twitter:card\" content=\"summary_large_image\" \/>\n<meta name=\"twitter:site\" content=\"@mathisvilla\" \/>\n<meta name=\"twitter:label1\" content=\"Est. reading time\" \/>\n\t<meta name=\"twitter:data1\" content=\"9 minutes\" \/>\n<script type=\"application\/ld+json\" class=\"yoast-schema-graph\">{\"@context\":\"https:\/\/schema.org\",\"@graph\":[{\"@type\":\"WebPage\",\"@id\":\"https:\/\/villa-mathis.com\/en\/organizing-party-reception-wedding-alsace\/\",\"url\":\"https:\/\/villa-mathis.com\/en\/organizing-party-reception-wedding-alsace\/\",\"name\":\"Organizing a party, a reception or a wedding in Alsace - La Villa Mathis\",\"isPartOf\":{\"@id\":\"https:\/\/villa-mathis.com\/#website\"},\"datePublished\":\"2017-03-21T19:54:27+00:00\",\"dateModified\":\"2020-08-10T05:59:04+00:00\",\"description\":\"A reception or a wedding in Alsace ,in the heart of our domain\/estate!\u00a0\",\"breadcrumb\":{\"@id\":\"https:\/\/villa-mathis.com\/en\/organizing-party-reception-wedding-alsace\/#breadcrumb\"},\"inLanguage\":\"en-US\",\"potentialAction\":[{\"@type\":\"ReadAction\",\"target\":[\"https:\/\/villa-mathis.com\/en\/organizing-party-reception-wedding-alsace\/\"]}]},{\"@type\":\"BreadcrumbList\",\"@id\":\"https:\/\/villa-mathis.com\/en\/organizing-party-reception-wedding-alsace\/#breadcrumb\",\"itemListElement\":[{\"@type\":\"ListItem\",\"position\":1,\"name\":\"Accueil\",\"item\":\"https:\/\/villa-mathis.com\/en\/\"},{\"@type\":\"ListItem\",\"position\":2,\"name\":\"Organizing a party, a reception or a wedding in Alsace\"}]},{\"@type\":\"WebSite\",\"@id\":\"https:\/\/villa-mathis.com\/#website\",\"url\":\"https:\/\/villa-mathis.com\/\",\"name\":\"La Villa Mathis\",\"description\":\"Sp\u00e9cialiste du S\u00e9minaire et du Mariage (Alsace et Vosges)\",\"potentialAction\":[{\"@type\":\"SearchAction\",\"target\":{\"@type\":\"EntryPoint\",\"urlTemplate\":\"https:\/\/villa-mathis.com\/?s={search_term_string}\"},\"query-input\":\"required name=search_term_string\"}],\"inLanguage\":\"en-US\"}]}<\/script>\n<!-- \/ Yoast SEO plugin. -->","yoast_head_json":{"title":"Organizing a party, a reception or a wedding in Alsace - La Villa Mathis","description":"A reception or a wedding in Alsace ,in the heart of our domain\/estate!\u00a0","robots":{"index":"index","follow":"follow","max-snippet":"max-snippet:-1","max-image-preview":"max-image-preview:large","max-video-preview":"max-video-preview:-1"},"canonical":"https:\/\/villa-mathis.com\/en\/organizing-party-reception-wedding-alsace\/","og_locale":"en_US","og_type":"article","og_title":"Organizing a party, a reception or a wedding in Alsace - La Villa Mathis","og_description":"A reception or a wedding in Alsace ,in the heart of our domain\/estate!\u00a0","og_url":"https:\/\/villa-mathis.com\/en\/organizing-party-reception-wedding-alsace\/","og_site_name":"La Villa Mathis","article_publisher":"https:\/\/www.facebook.com\/VillaMathis","article_modified_time":"2020-08-10T05:59:04+00:00","twitter_card":"summary_large_image","twitter_site":"@mathisvilla","twitter_misc":{"Est. reading time":"9 minutes"},"schema":{"@context":"https:\/\/schema.org","@graph":[{"@type":"WebPage","@id":"https:\/\/villa-mathis.com\/en\/organizing-party-reception-wedding-alsace\/","url":"https:\/\/villa-mathis.com\/en\/organizing-party-reception-wedding-alsace\/","name":"Organizing a party, a reception or a wedding in Alsace - La Villa Mathis","isPartOf":{"@id":"https:\/\/villa-mathis.com\/#website"},"datePublished":"2017-03-21T19:54:27+00:00","dateModified":"2020-08-10T05:59:04+00:00","description":"A reception or a wedding in Alsace ,in the heart of our domain\/estate!\u00a0","breadcrumb":{"@id":"https:\/\/villa-mathis.com\/en\/organizing-party-reception-wedding-alsace\/#breadcrumb"},"inLanguage":"en-US","potentialAction":[{"@type":"ReadAction","target":["https:\/\/villa-mathis.com\/en\/organizing-party-reception-wedding-alsace\/"]}]},{"@type":"BreadcrumbList","@id":"https:\/\/villa-mathis.com\/en\/organizing-party-reception-wedding-alsace\/#breadcrumb","itemListElement":[{"@type":"ListItem","position":1,"name":"Accueil","item":"https:\/\/villa-mathis.com\/en\/"},{"@type":"ListItem","position":2,"name":"Organizing a party, a reception or a wedding in Alsace"}]},{"@type":"WebSite","@id":"https:\/\/villa-mathis.com\/#website","url":"https:\/\/villa-mathis.com\/","name":"La Villa Mathis","description":"Sp\u00e9cialiste du S\u00e9minaire et du Mariage (Alsace et Vosges)","potentialAction":[{"@type":"SearchAction","target":{"@type":"EntryPoint","urlTemplate":"https:\/\/villa-mathis.com\/?s={search_term_string}"},"query-input":"required name=search_term_string"}],"inLanguage":"en-US"}]}},"_links":{"self":[{"href":"https:\/\/villa-mathis.com\/en\/wp-json\/wp\/v2\/pages\/4439"}],"collection":[{"href":"https:\/\/villa-mathis.com\/en\/wp-json\/wp\/v2\/pages"}],"about":[{"href":"https:\/\/villa-mathis.com\/en\/wp-json\/wp\/v2\/types\/page"}],"author":[{"embeddable":true,"href":"https:\/\/villa-mathis.com\/en\/wp-json\/wp\/v2\/users\/4"}],"replies":[{"embeddable":true,"href":"https:\/\/villa-mathis.com\/en\/wp-json\/wp\/v2\/comments?post=4439"}],"version-history":[{"count":4,"href":"https:\/\/villa-mathis.com\/en\/wp-json\/wp\/v2\/pages\/4439\/revisions"}],"predecessor-version":[{"id":5892,"href":"https:\/\/villa-mathis.com\/en\/wp-json\/wp\/v2\/pages\/4439\/revisions\/5892"}],"wp:attachment":[{"href":"https:\/\/villa-mathis.com\/en\/wp-json\/wp\/v2\/media?parent=4439"}],"curies":[{"name":"wp","href":"https:\/\/api.w.org\/{rel}","templated":true}]}}