{"id":4275,"date":"2016-10-24T21:45:42","date_gmt":"2016-10-24T21:45:42","guid":{"rendered":"http:\/\/villa-mathis.com\/en\/mariage-fete-reception-seminaire-alsace\/"},"modified":"2020-08-10T06:09:23","modified_gmt":"2020-08-10T06:09:23","slug":"wedding-party-reception-seminar-alsace","status":"publish","type":"page","link":"https:\/\/villa-mathis.com\/en\/","title":{"rendered":"WEDDING, PARTY, RECEPTION OR SEMINAR IN ALSACE"},"content":{"rendered":"<div class=\"wpb-content-wrapper\"><p>[vc_row row_type=&#8221;full_width&#8221; type=&#8221;full_screen&#8221;][vc_column offset=&#8221;vc_hidden-xs&#8221;][vc_single_image image=&#8221;5874&#8243; img_size=&#8221;full&#8221; alignment=&#8221;center&#8221;][\/vc_column][\/vc_row][vc_row row_type=&#8221;full_width&#8221; type=&#8221;container&#8221; bg_select=&#8221;bg_color_section&#8221; border_color=&#8221;#ebebeb&#8221; p_bottom=&#8221;15&#8243; p_top=&#8221;50&#8243;][vc_column]<div class=\"wbc-heading clearfix\"><h1 class=\"default-heading\" style=\"text-align:center;padding-bottom:10px;\">WEDDING, PARTY, RECEPTION OR SEMINAR IN ALSACE<\/h1><\/div>[vc_separator color=&#8221;custom&#8221; el_width=&#8221;20&#8243; accent_color=&#8221;#545454&#8243;]<div class=\"wbc-heading clearfix\"><h2 class=\"special-heading-3\" style=\"text-align:center;padding-bottom:10px;\">Planning on tying the knot or planning a party ?<br \/>\nNeed to organize a seminar, a conference, a team-building ?<\/h2><\/div>[vc_single_image image=&#8221;1313&#8243; img_size=&#8221;full&#8221; alignment=&#8221;center&#8221; css=&#8221;.vc_custom_1473424824599{padding-top: 15px !important;padding-bottom: 10px !important;}&#8221;]<div class=\"wbc-heading clearfix\"><h3 class=\"default-heading\" style=\"text-align:center;margin-top:30px;padding-bottom:60px;\">Catherine Latour and all her team open the doors to Villa Mathis,<br \/>\nan impressive and authentic Villa dominating its picturesque surroundings.<\/h3><\/div>[\/vc_column][vc_column width=&#8221;1\/3&#8243;][vc_row_inner][vc_column_inner width=&#8221;1\/4&#8243;]<div class=\"wbc-heading clearfix\"><h3 class=\"default-heading\" style=\"font-size:50px;line-height:50px;color:#545454;text-align:left;\">01.<\/h3><\/div>[\/vc_column_inner][vc_column_inner width=&#8221;3\/4&#8243;]<div class=\"wbc-heading clearfix\"><h3 class=\"special-heading-3\" style=\"color:#ad2f32;text-align:left;\">PRIVATE &amp; PROFESSIONALS<br \/>\nEVENTS<\/h3><\/div>[vc_separator color=&#8221;custom&#8221; accent_color=&#8221;#545454&#8243;][\/vc_column_inner][vc_column_inner][vc_column_text]A true partner, our team is at your disposal to assist you in organizing your event and ensures you a tailor-made moment, a success and&nbsp; the way you imagined it.&nbsp;&nbsp;<\/p>\n<p>We can host from 10 people on weekdays for business meetings and up to 160 people on weekends.[\/vc_column_text][\/vc_column_inner][\/vc_row_inner][\/vc_column][vc_column width=&#8221;1\/3&#8243;][vc_row_inner][vc_column_inner width=&#8221;1\/4&#8243;]<div class=\"wbc-heading clearfix\"><h3 class=\"default-heading\" style=\"font-size:50px;line-height:50px;color:#545454;\">02.<\/h3><\/div>[\/vc_column_inner][vc_column_inner width=&#8221;3\/4&#8243;]<div class=\"wbc-heading clearfix\"><h3 class=\"special-heading-3\" style=\"color:#ad2f32;text-align:left;\">A PERSONALISED<br \/>\nASSISTANCE<\/h3><\/div>[vc_separator color=&#8221;custom&#8221; accent_color=&#8221;#545454&#8243;][\/vc_column_inner][vc_column_inner][vc_column_text]You can rely on our organizational expertise to make your event unique. Whether you just need advice or if you prefer our team to orchestrate from A to Z&nbsp; our team is open to your requests.&nbsp;&nbsp;<\/p>\n<p>We are ressourceful, with years of experience, full of ideas to turn your dreams in to reality&#8230; Sit back let us take the stress so you don&#8217;t have to![\/vc_column_text][\/vc_column_inner][\/vc_row_inner][\/vc_column][vc_column width=&#8221;1\/3&#8243;][vc_row_inner][vc_column_inner width=&#8221;1\/4&#8243;]<div class=\"wbc-heading clearfix\"><h3 class=\"default-heading\" style=\"font-size:50px;line-height:50px;color:#545454;\">03.<\/h3><\/div>[\/vc_column_inner][vc_column_inner width=&#8221;3\/4&#8243;]<div class=\"wbc-heading clearfix\"><h3 class=\"special-heading-3\" style=\"color:#ad2f32;text-align:left;\">ORIGINAL<br \/>\nIDEAS<\/h3><\/div>[vc_separator color=&#8221;custom&#8221; accent_color=&#8221;#545454&#8243;][\/vc_column_inner][vc_column_inner][vc_column_text]A lot of activities and original ideas!&nbsp;&nbsp;<\/p>\n<p>For all your events, wedding, party, reception, conference or seminars in Alsace, the Villa Mathis team offers you its experience organizing events and offers you a wide choice being it during the day, during the evening and in all seasons![\/vc_column_text][\/vc_column_inner][\/vc_row_inner][\/vc_column][\/vc_row][vc_row row_type=&#8221;full_width&#8221; type=&#8221;container&#8221; bg_select=&#8221;bg_color_section&#8221; border_color=&#8221;#ebebeb&#8221; p_bottom=&#8221;50px&#8221;][vc_column width=&#8221;1\/3&#8243; offset=&#8221;vc_hidden-xs&#8221;][vc_single_image image=&#8221;3076&#8243; img_size=&#8221;full&#8221; alignment=&#8221;right&#8221;][\/vc_column][vc_column width=&#8221;1\/3&#8243; offset=&#8221;vc_hidden-xs&#8221;][vc_single_image image=&#8221;3282&#8243; img_size=&#8221;full&#8221;][\/vc_column][vc_column width=&#8221;1\/3&#8243; offset=&#8221;vc_hidden-xs&#8221;][vc_single_image image=&#8221;3077&#8243; img_size=&#8221;full&#8221;][\/vc_column][vc_column]<div class=\"wbc-heading clearfix\"><h1 class=\"default-heading\" style=\"text-align:center;padding-top:15px;\">La Villa Mathis: wedding, party, reception or seminar in Alsace.<\/h1><\/div>[\/vc_column][\/vc_row][vc_row row_type=&#8221;full_width&#8221; type=&#8221;full_screen&#8221; bg_select=&#8221;bg_color_section&#8221; font_color=&#8221;#ffffff&#8221; border_color=&#8221;#ffffff&#8221;][vc_column p_left=&#8221;4%&#8221; p_right=&#8221;4%&#8221; bg_color=&#8221;#ffffff&#8221; p_top=&#8221;50&#8243; p_bottom=&#8221;30&#8243;]<div class=\"wbc-heading clearfix\"><h1 class=\"default-heading\" style=\"text-align:center;padding-bottom:10px;\">DISCOVER DETAILS<\/h1><\/div>[vc_separator color=&#8221;custom&#8221; el_width=&#8221;20&#8243; accent_color=&#8221;#545454&#8243;]<div class=\"wbc-heading clearfix\"><h2 class=\"default-heading\" style=\"text-align:center;\">OUR OFFERS AND SERVICES&nbsp;<\/h2><\/div>[vc_single_image image=&#8221;1313&#8243; img_size=&#8221;full&#8221; alignment=&#8221;center&#8221; css=&#8221;.vc_custom_1467643021412{padding-top: 15px !important;padding-bottom: 10px !important;}&#8221;][\/vc_column][\/vc_row][vc_row match_height=&#8221;yes&#8221;][vc_column width=&#8221;1\/2&#8243; p_left=&#8221;30%&#8221; bg_color=&#8221;#94241d&#8221;]<div class=\"wbc-heading clearfix\"><h3 class=\"default-heading\" style=\"font-size:25px;color:#ffffff;text-align:left;padding-bottom:10px;padding-top:50px;\">YOU ARE A PRIVATE CLIENT?<\/h3><\/div>[vc_separator color=&#8221;white&#8221; align=&#8221;align_left&#8221; el_width=&#8221;80&#8243;][vc_column_text]<span style=\"color: #ffffff;\">Any wedding style!&nbsp;&nbsp;<\/span><\/p>\n<p><span style=\"color: #ffffff;\">Banquet &#8211; Party &#8211; Birthday &#8211; Reception&nbsp;&nbsp;<\/span><\/p>\n<p><span style=\"color: #ffffff;\">Family event \u2013 Family reunion&nbsp;<\/span><\/p>\n<p><span style=\"color: #ffffff;\">Car Rally&nbsp;&nbsp;<\/span><\/p>\n<p><span style=\"color: #ffffff;\">AGM for association\/club&nbsp;<\/span><\/p>\n<p><span style=\"color: #ffffff;\">Wellness course&nbsp;<\/span><\/p>\n<p><span style=\"color: #ffffff;\">Valentine&#8217;s Day &amp; New Year&#8217;s Eve<\/span>[\/vc_column_text][vc_btn title=&#8221;Want to know more?&nbsp;&nbsp;&#8221; style=&#8221;classic&#8221; color=&#8221;white&#8221; align=&#8221;left&#8221; i_icon_fontawesome=&#8221;fa fa-eye&#8221; add_icon=&#8221;true&#8221; link=&#8221;url:http%3A%2F%2Fvilla-mathis.com%2Fen%2Forganizing-party-reception-wedding-alsace%2F|||&#8221; css=&#8221;.vc_custom_1490349201147{padding-bottom: 30px !important;}&#8221;][\/vc_column][vc_column width=&#8221;1\/2&#8243; p_left=&#8221;30%&#8221; color_overlay=&#8221;#a99d95&#8243;]<div class=\"wbc-heading clearfix\"><h3 class=\"default-heading\" style=\"font-size:25px;color:#ffffff;text-align:left;padding-bottom:10px;padding-top:50px;\">YOU ARE A COMPANY?&nbsp;<\/h3><\/div>[vc_separator color=&#8221;white&#8221; align=&#8221;align_left&#8221; el_width=&#8221;80&#8243;][vc_column_text]<span style=\"color: #ffffff;\">Residential Seminar &#8211; Meeting &#8211; Working Day&nbsp;&nbsp;<\/span><\/p>\n<p><span style=\"color: #ffffff;\">Team building &#8211; Training \u2013 Management committee meetings&nbsp;&nbsp;<\/span><\/p>\n<p><span style=\"color: #ffffff;\">Product Launch &#8211; Christmas Party&nbsp;&nbsp;<\/span><\/p>\n<p><span style=\"color: #ffffff;\">Office outing &#8211; Anniversary&nbsp;&nbsp;<\/span><\/p>\n<p><span style=\"color: #ffffff;\">Incentive<\/span><\/p>\n<p><span style=\"color: #ffffff;\">Presentation of accounts&nbsp;&nbsp;&nbsp;<\/span><\/p>\n<p><span style=\"color: #ffffff;\">Conferences<\/span>[\/vc_column_text][vc_btn title=&#8221;Want to know more?&nbsp;&nbsp;&#8221; style=&#8221;classic&#8221; color=&#8221;white&#8221; align=&#8221;left&#8221; i_icon_fontawesome=&#8221;fa fa-eye&#8221; add_icon=&#8221;true&#8221; css=&#8221;.vc_custom_1490452595682{padding-bottom: 30px !important;}&#8221; link=&#8221;url:http%3A%2F%2Fvilla-mathis.com%2Fen%2Fseminars%2F|||&#8221;][\/vc_column][\/vc_row][vc_row row_type=&#8221;full_width&#8221; type=&#8221;container&#8221;][vc_column p_top=&#8221;50&#8243;]<div class=\"wbc-heading clearfix\"><h1 class=\"default-heading\" style=\"text-align:center;padding-bottom:10px;\">A PLACE WHERE EVERYTHING BECOMES POSSIBLE!<\/h1><\/div>[vc_separator color=&#8221;custom&#8221; el_width=&#8221;20&#8243; accent_color=&#8221;#545454&#8243;]<div class=\"wbc-heading clearfix\"><h2 class=\"default-heading\" style=\"text-align:center;\">The spirit of La Villa<\/h2><\/div>[vc_single_image image=&#8221;1313&#8243; img_size=&#8221;full&#8221; alignment=&#8221;center&#8221; css=&#8221;.vc_custom_1470032476144{padding-top: 15px !important;}&#8221;][\/vc_column][\/vc_row][vc_row match_height=&#8221;yes&#8221; row_type=&#8221;full_width&#8221; type=&#8221;container&#8221; bg_select=&#8221;bg_color_section&#8221; p_top=&#8221;30&#8243;][vc_column width=&#8221;1\/3&#8243; p_left=&#8221;30&#8243; p_top=&#8221;30&#8243; bg_color=&#8221;#94241d&#8221;]<div class=\"wbc-heading clearfix\"><h3 class=\"default-heading\" style=\"color:#ffffff;text-align:center;\">THE VILLA<\/h3><\/div>[vc_separator color=&#8221;white&#8221;][vc_column_text]<\/p>\n<p style=\"text-align: center;\"><span style=\"color: #ffffff;\">Humane| Festive | Flexible| Unique | Original | Atypical&nbsp;<\/span><\/p>\n<p>[\/vc_column_text][\/vc_column][vc_column width=&#8221;1\/3&#8243; p_top=&#8221;30&#8243; bg_color=&#8221;#94241d&#8221;]<div class=\"wbc-heading clearfix\"><h3 class=\"default-heading\" style=\"color:#ffffff;text-align:center;\">THE TEAM<\/h3><\/div>[vc_separator color=&#8221;white&#8221;][vc_column_text]<\/p>\n<p style=\"text-align: center;\"><span style=\"color: #ffffff;\">Business | Creative | Attentive | Flexible | Energetic<\/span><\/p>\n<p>[\/vc_column_text][\/vc_column][vc_column width=&#8221;1\/3&#8243; p_top=&#8221;30&#8243; p_right=&#8221;30&#8243; bg_color=&#8221;#94241d&#8221;]<div class=\"wbc-heading clearfix\"><h3 class=\"default-heading\" style=\"color:#ffffff;text-align:center;\">OUR VALUES<\/h3><\/div>[vc_separator color=&#8221;white&#8221;][vc_column_text]<\/p>\n<p style=\"text-align: center;\"><span style=\"color: #ffffff;\">Commitment | Respect | Discretion | Happiness&nbsp;<\/span><\/p>\n<p style=\"text-align: center;\"><span style=\"color: #ffffff;\">&nbsp;<\/span><\/p>\n<p>[\/vc_column_text][\/vc_column][\/vc_row][vc_row match_height=&#8221;yes&#8221; vertical_center=&#8221;yes&#8221; row_type=&#8221;full_width&#8221; type=&#8221;container&#8221; bg_select=&#8221;bg_color_section&#8221; font_color=&#8221;#ffffff&#8221; p_top=&#8221;30&#8243; p_bottom=&#8221;30&#8243; anchor=&#8221;partenaires&#8221;][vc_column width=&#8221;1\/2&#8243; parallax_repeat=&#8221;cover&#8221; bg_image_postions=&#8221;center center&#8221; content_align=&#8221;text-center&#8221; parallax_img=&#8221;2877&#8243; offset=&#8221;vc_hidden-xs&#8221;][\/vc_column][vc_column width=&#8221;1\/2&#8243; p_left=&#8221;4%&#8221; p_right=&#8221;4%&#8221;]<div class=\"wbc-heading clearfix\"><h3 class=\"default-heading\" style=\"color:#ad2f32;\">OUR PHILOSOPHY<\/h3><\/div>[vc_column_text]<span style=\"color: #333333;\">Giving meaning to your events and experiencing them by your side is our philosophy. &nbsp;<\/span><br \/>\n<span style=\"color: #333333;\">Experts with total flexibility our team will make your event a tailor-made moment, according to your objectives and your wishes. &nbsp;<\/span><br \/>\n<span style=\"color: #333333;\">Specialists in hosting group events, whether it be for a wedding, party, reception or seminar in Alsace, we know how to recognize the personality of each one so that your stay is unique and memorable. &nbsp;<\/span><br \/>\n<span style=\"color: #333333;\">We want our guests to feel welcome and feel at home at Villa Mathis &#8230;. that way guests want to come back again and again&#8230;..<\/span>[\/vc_column_text][vc_separator color=&#8221;custom&#8221; el_width=&#8221;20&#8243; accent_color=&#8221;#545454&#8243;]<div class=\"wbc-heading clearfix\"><h3 class=\"default-heading\" style=\"color:#ad2f32;\">SERVING OUR CLIENTS<\/h3><\/div>[vc_column_text]<span style=\"color: #333333;\">Establishing and developing a durable rapport with our customers is the key to our success. &nbsp;<\/span><br \/>\n<span style=\"color: #333333;\">We strive to meet the wishes of our customers by offering a reliable service, innovative advice from professionals, and a competency in organizing events never losing&nbsp;sight of the importance of keeping a good quality to price ratio.&nbsp;&nbsp;<\/span><\/p>\n<p><span style=\"color: #333333;\"><strong>We offer new&nbsp; events and seminars&nbsp; and also new ideas \/ advice for our future brides &amp; grooms throughout the year.<\/strong>&nbsp;&nbsp;<\/span><\/p>\n<p><span style=\"color: #333333;\"><strong>Wedding, party, reception or seminar in Alsace?<\/strong> <strong>Let&#8217;s create together.<\/strong>&nbsp;&nbsp;<\/span>[\/vc_column_text][vc_separator color=&#8221;custom&#8221; el_width=&#8221;20&#8243; accent_color=&#8221;#545454&#8243;]<div class=\"wbc-heading clearfix\"><h3 class=\"default-heading\" style=\"color:#ad2f32;\">OUR SURROUNDINGS<\/h3><\/div>[vc_column_text]<span style=\"color: #333333;\">In the mountains we have to count on each other and develop our team spirit! We priviledge the exchange with&nbsp; local services and suppliers and local producers such as: Boucherie Munschina from Vill\u00e9, Ferme Auberge Lindgrube (yoghurt, cheese) and Honey from Fernand Haas in Breitenbach, Promo-cash Mr Lorentz for all groceries and fresh vegetables in Barr , Cheese farm &#8220;La Petite Ferme Riedwasen&#8221; and our pastry chef Mathieu Kamm in S\u00e9lestat, &#8230;&nbsp;&nbsp;<\/span><\/p>\n<p><span style=\"color: #333333;\">This is also reflected in our reflection and research, in order to respect our everyday environment.<\/span>[\/vc_column_text][\/vc_column][\/vc_row][vc_row row_type=&#8221;full_width&#8221; type=&#8221;container&#8221; bg_select=&#8221;bg_color_section&#8221; p_top=&#8221;50&#8243; p_bottom=&#8221;30&#8243; border_color=&#8221;#ffffff&#8221; bg_color=&#8221;#ffffff&#8221; anchor=&#8221;services&#8221;][vc_column]<div class=\"wbc-heading clearfix\"><h1 class=\"default-heading\" style=\"text-align:center;padding-bottom:10px;\">ENJOY<\/h1><\/div>[vc_separator color=&#8221;custom&#8221; el_width=&#8221;20&#8243; accent_color=&#8221;#545454&#8243;]<div class=\"wbc-heading clearfix\"><h2 class=\"default-heading\" style=\"text-align:center;padding-bottom:10px;\">WHAT MAKES US DIFFERENT<\/h2><\/div>[vc_single_image image=&#8221;1313&#8243; img_size=&#8221;full&#8221; alignment=&#8221;center&#8221; css=&#8221;.vc_custom_1469604000399{padding-top: 15px !important;padding-bottom: 50px !important;}&#8221;][\/vc_column][vc_column width=&#8221;1\/3&#8243;]<div class=\"wbc-icon-box clearfix\" style=\"margin-bottom:40px;padding-bottom:15px;\"><div class=\"wbc-icon-wrapper wbc-icon-style-4\"  data-custom-hover=\"1\"><span class=\"wbc-icon\" style=\"font-size:30px;color:#ad2f32;border-width:1px;border-color:#ad2f32;border-style:solid;\" data-hover-bg-color=\"#ad2f32\" data-hover-color=\"#ffffff\"><i class=\"wbc-font-icon typcn typcn-thumbs-up\"><\/i><\/span><\/div>\n<div class=\"wbc-box-content\"><h4 style=\"font-size:28px;\">ASSISTANCE<span class=\"box-sub-heading\">advice and expertise for 10 years<\/span><\/h4><\/div><\/div><div class=\"wbc-icon-box clearfix icon-left-wrap\" ><div class=\"wbc-icon-header-wrap clearfix\"><div class=\"wbc-icon-wrapper wbc-icon-style-4 icon-background\" style=\"border-color:#ffffff;\" data-custom-hover=\"1\"><span class=\"wbc-icon\" style=\"font-size:30px;color:#ad2f32;background-color:#ffffff;border-width:1px;border-color:#ad2f32;border-style:solid;\" data-hover-bg-color=\"#ad2f32\" data-hover-color=\"#ffffff\"><i class=\"wbc-font-icon typcn typcn-tree\"><\/i><\/span><\/div>\n<h4 style=\"font-size:28px;\">OUR PLACE<span class=\"box-sub-heading\">quiet and&nbsp; surrounded with loads of greenery with plenty of parking!<\/span><\/h4><\/div><div class=\"wbc-box-content\"><\/div><\/div>[\/vc_column][vc_column width=&#8221;1\/3&#8243;]<div class=\"wbc-icon-box clearfix\" style=\"margin-bottom:40px;padding-bottom:15px;\"><div class=\"wbc-icon-wrapper wbc-icon-style-4\"  data-custom-hover=\"1\"><span class=\"wbc-icon\" style=\"font-size:30px;color:#ad2f32;border-width:1px;border-color:#ad2f32;border-style:solid;\" data-hover-bg-color=\"#ad2f32\" data-hover-color=\"#ffffff\"><i class=\"wbc-font-icon vc_li vc_li-food\"><\/i><\/span><\/div>\n<div class=\"wbc-box-content\"><h4 style=\"font-size:28px;\">OUR CHEF<span class=\"box-sub-heading\">open minded! From classical cuisine to the more original&nbsp;&nbsp;<\/span><\/h4><\/div><\/div><div class=\"wbc-icon-box clearfix\" style=\"margin-bottom:40px;\"><div class=\"wbc-icon-wrapper wbc-icon-style-4\"  data-custom-hover=\"1\"><span class=\"wbc-icon\" style=\"font-size:30px;color:#ad2f32;border-width:1px;border-color:#ad2f32;border-style:solid;\" data-hover-bg-color=\"#ad2f32\" data-hover-color=\"#ffffff\"><i class=\"wbc-font-icon typcn typcn-home-outline\"><\/i><\/span><\/div>\n<div class=\"wbc-box-content\"><h4 style=\"font-size:28px;\">ACCOMODATION<span class=\"box-sub-heading\">on site - 27 rooms 3*&nbsp; (STARS)&nbsp;<\/span><\/h4><\/div><\/div>[\/vc_column][vc_column width=&#8221;1\/3&#8243;]<div class=\"wbc-icon-box clearfix icon-left-wrap\" ><div class=\"wbc-icon-header-wrap clearfix\"><div class=\"wbc-icon-wrapper wbc-icon-style-4 icon-background\" style=\"border-color:#ffffff;\" data-custom-hover=\"1\"><span class=\"wbc-icon\" style=\"font-size:30px;color:#ad2f32;background-color:#ffffff;border-width:1px;border-color:#ad2f32;border-style:solid;\" data-hover-bg-color=\"#ad2f32\" data-hover-color=\"#ffffff\"><i class=\"wbc-font-icon vc-oi vc-oi-clock\"><\/i><\/span><\/div>\n<h4 style=\"font-size:28px;\">NO TIME LIMIT<span class=\"box-sub-heading\">you can really party!&nbsp;<\/span><\/h4><\/div><div class=\"wbc-box-content\"><\/div><\/div><div class=\"wbc-icon-box clearfix\" style=\"margin-bottom:40px;padding-bottom:15px;\"><div class=\"wbc-icon-wrapper wbc-icon-style-4\"  data-custom-hover=\"1\"><span class=\"wbc-icon\" style=\"font-size:30px;color:#ad2f32;border-width:1px;border-color:#ad2f32;border-style:solid;\" data-hover-bg-color=\"#ad2f32\" data-hover-color=\"#ffffff\"><i class=\"wbc-font-icon typcn typcn-lock-closed-outline\"><\/i><\/span><\/div>\n<div class=\"wbc-box-content\"><h4 style=\"font-size:28px;\">FULL PRIVATIZATION<span class=\"box-sub-heading\">from 27 people during the week and from 60 people on the weekend&nbsp;&nbsp;<\/span><\/h4><\/div><\/div>[\/vc_column][\/vc_row][vc_row row_type=&#8221;full_width&#8221; type=&#8221;container&#8221; bg_select=&#8221;bg_color_section&#8221; p_top=&#8221;50&#8243; border_color=&#8221;#ebebeb&#8221;][vc_column]<div class=\"wbc-heading clearfix\"><h1 class=\"default-heading\" style=\"color:#000000;text-align:center;padding-bottom:10px;\">AT YOUR SERVICE<\/h1><\/div>[vc_separator color=&#8221;custom&#8221; el_width=&#8221;20&#8243; accent_color=&#8221;#545454&#8243;]<div class=\"wbc-heading clearfix\"><h2 class=\"default-heading\" style=\"text-align:center;padding-bottom:10px;\">OUR TEAM<\/h2><\/div>[vc_single_image image=&#8221;1313&#8243; img_size=&#8221;full&#8221; alignment=&#8221;center&#8221; css=&#8221;.vc_custom_1467643021412{padding-top: 15px !important;padding-bottom: 10px !important;}&#8221;]<div class=\"wbc-heading clearfix\"><h3 class=\"default-heading\" style=\"text-align:center;margin-right:auto;margin-top:20px;margin-left:auto;padding-bottom:30px;max-width:570px;\">They make every effort to ensure that your wedding, party, reception or seminar in Alsace is a success, a truly unforgettable moment!<\/h3><\/div>[vc_btn title=&#8221;Testimonials&#8221; style=&#8221;custom&#8221; custom_background=&#8221;#ad2f32&#8243; custom_text=&#8221;#ffffff&#8221; align=&#8221;center&#8221; i_type=&#8221;linecons&#8221; add_icon=&#8221;true&#8221; link=&#8221;url:http%3A%2F%2Fvilla-mathis.com%2Ftemoignages-satisfaction%2F|||&#8221; css=&#8221;.vc_custom_1481046928399{padding-bottom: 15px !important;}&#8221;][\/vc_column][\/vc_row][vc_row row_type=&#8221;full_width&#8221; type=&#8221;full_screen&#8221;][vc_column offset=&#8221;vc_hidden-xs&#8221;][vc_single_image image=&#8221;5134&#8243; img_size=&#8221;full&#8221;][\/vc_column][\/vc_row][vc_row row_type=&#8221;full_width&#8221; type=&#8221;container&#8221; bg_select=&#8221;bg_color_section&#8221; border_color=&#8221;#ebebeb&#8221; anchor=&#8221;about&#8221; p_top=&#8221;50&#8243; p_bottom=&#8221;30&#8243; bg_color=&#8221;#ffffff&#8221;][vc_column]<div class=\"wbc-heading clearfix\"><h1 class=\"default-heading\" style=\"text-align:center;padding-bottom:10px;\">AN IDEA, AN ENVIRONMENT?<br \/>\nAT THE VILLA MATHIS, EVERYTHING BECOMES POSSIBLE!<\/h1><\/div>[vc_separator color=&#8221;custom&#8221; el_width=&#8221;20&#8243; accent_color=&#8221;#545454&#8243;][vc_row_inner][vc_column_inner width=&#8221;2\/3&#8243;]<div class=\"wbc-heading clearfix\"><h5 class=\"default-heading\" style=\"line-height:35px;text-align:left;\">As soon as my gaze landed on La Villa I knew I had to have it. From that moment I just knew I wanted to bring it back to life throw my heart and energy in to the restoration .... help it regain its original beauty&nbsp;<\/h5><\/div><div class=\"wbc-heading clearfix\"><h5 class=\"default-heading\" style=\"line-height:35px;text-align:left;\">The Villa was just waiting to be woken up and show its magic.<br \/>\nLet's be magical together!&nbsp;<\/h5><\/div><div class=\"wbc-heading clearfix\"><h5 class=\"default-heading\" style=\"line-height:35px;text-align:left;margin-top:20px;padding-top:15px;\">Catherine Latour<br \/>\nOwner and Event Creator&nbsp;&nbsp;<\/h5><\/div>[\/vc_column_inner][vc_column_inner width=&#8221;1\/3&#8243;][vc_single_image image=&#8221;3011&#8243; img_size=&#8221;320&#215;320&#8243; alignment=&#8221;right&#8221; css_animation=&#8221;none&#8221;][\/vc_column_inner][\/vc_row_inner][\/vc_column][\/vc_row][vc_row row_type=&#8221;full_width&#8221; type=&#8221;container&#8221; bg_select=&#8221;bg_color_section&#8221; anchor=&#8221;gallery&#8221; p_bottom=&#8221;20&#8243;][vc_column p_top=&#8221;50&#8243; p_bottom=&#8221;30&#8243;]<div class=\"wbc-heading clearfix\"><h1 class=\"default-heading\" style=\"text-align:center;padding-bottom:10px;\">THE VILLA (ALMOST) LIVE!<\/h1><\/div>[vc_separator color=&#8221;custom&#8221; el_width=&#8221;20&#8243; accent_color=&#8221;#545454&#8243;]<div class=\"wbc-heading clearfix\"><h2 class=\"default-heading\" style=\"text-align:center;padding-bottom:10px;\">Discover the Villa in pictures<\/h2><\/div>[vc_single_image image=&#8221;1313&#8243; img_size=&#8221;full&#8221; alignment=&#8221;center&#8221; css=&#8221;.vc_custom_1467643021412{padding-top: 15px !important;padding-bottom: 10px !important;}&#8221;]<div class=\"wbc-heading clearfix\"><h3 class=\"default-heading\" style=\"text-align:center;margin-right:auto;margin-top:30px;margin-left:auto;padding-bottom:30px;max-width:570px;\">Pictures speak louder than words!<\/h3><\/div>[\/vc_column][vc_column][vc_row_inner][vc_column_inner][vc_single_image image=&#8221;4102&#8243; img_size=&#8221;full&#8221; onclick=&#8221;custom_link&#8221; link=&#8221;https:\/\/villa-mathis.com\/en\/wedding-or-seminar-discover-the-villa-in-pictures\/&#8221;][vc_column_text css=&#8221;.vc_custom_1597039759438{padding-top: 15px !important;}&#8221;]<\/p>\n<h4 style=\"text-align: center;\"><span style=\"color: #333333;\"><a style=\"color: #333333;\" href=\"https:\/\/villa-mathis.com\/en\/wedding-or-seminar-discover-the-villa-in-pictures\/\">Browse Photo Galleries<\/a><\/span><\/h4>\n<p>[\/vc_column_text][\/vc_column_inner][\/vc_row_inner][\/vc_column][\/vc_row][vc_row row_type=&#8221;full_width&#8221; type=&#8221;container&#8221; bg_select=&#8221;bg_color_section&#8221; p_top=&#8221;50&#8243; p_bottom=&#8221;10&#8243; border_color=&#8221;#ebebeb&#8221; anchor=&#8221;actus&#8221; bg_color=&#8221;#ffffff&#8221;][vc_column]<div class=\"wbc-heading clearfix\"><h1 class=\"default-heading\" style=\"text-align:center;padding-bottom:10px;\">THE NEWS OF THE SUMMIT<\/h1><\/div>[vc_separator color=&#8221;custom&#8221; el_width=&#8221;20&#8243; accent_color=&#8221;#545454&#8243;]<div class=\"wbc-heading clearfix\"><h2 class=\"default-heading\" style=\"text-align:center;padding-bottom:10px;\">Our latest publications<\/h2><\/div>[vc_single_image image=&#8221;1313&#8243; img_size=&#8221;full&#8221; alignment=&#8221;center&#8221; css=&#8221;.vc_custom_1467729339580{padding-top: 15px !important;padding-bottom: 30px !important;}&#8221;]<div id=\"wbc-blog-0\" class=\"wbc-blog-post-wrapper ajaxed \" ><span class=\"wbc-content-loader\"><i class=\"fa fa-spinner fa-spin\"><\/i><\/span><div class=\"posts blog-style-3\"  data-x-large-screen=\"3\" data-large-screen=\"3\" data-small-screen=\"3\" data-layout-type=\"masonry\" ><article id=\"post-7358\" class=\"clearfix masonry-item post-7358 post type-post status-publish format-standard hentry category-actus-du-sommet\" ><div class=\"post-contents\"><header class=\"post-header\"><h2 class=\"entry-title\"><a href=\"https:\/\/villa-mathis.com\/en\/comedy-club\/\">Comedy Club le 21\/11\/2025<\/a><\/h2><div class=\"entry-meta\"><span class=\"date\"><i class=\"far fa-calendar-alt\"><\/i> October 2, 2025<\/span><span class=\"user\"><i class=\"fas fa-user\"><\/i> By <a href=\"https:\/\/villa-mathis.com\/en\/author\/master_villa1557\/\">Pascal<\/a><\/span><span class=\"post-in\"><i class=\"fas fa-pencil-alt\"><\/i> In <a href=\"https:\/\/villa-mathis.com\/category\/actus-du-sommet\/\" rel=\"category tag\">Actus du sommet<\/a><\/span><span class=\"comments\"><i class=\"fas fa-comments\"><\/i> No Comments<\/span><\/div><\/header><div class=\"entry-content clearfix\"><p>[vc_row][vc_column][vc_column_text]Le 21\/11\/2025, soir\u00e9e anim\u00e9e par Cl\u00e9ment LEFEBVRE &amp; son \u00e9quipe ![\/vc_column_text][vc_single_image image=&#8221;7360&#8243; img_size=&#8221;1000&#215;1000&#8243; onclick=&#8221;img_link_large&#8221;][\/vc_column][\/vc_ro...<\/p><div class=\"more-link\"><a href=\"https:\/\/villa-mathis.com\/en\/comedy-club\/\" class=\"button btn-primary\">Read More<\/a><\/div><\/div><!-- .\/entry-content clearfix --><\/div><!-- .\/post-contents --><\/article> <!-- .\/post --><article id=\"post-7141\" class=\"clearfix masonry-item post-7141 post type-post status-publish format-standard has-post-thumbnail hentry category-actus-du-sommet\" ><div class=\"post-featured\">\t<div class=\"wbc-image-wrap\">\t\t<a href=\"https:\/\/villa-mathis.com\/en\/fetes-de-fin-dannee-2025-a-la-villa-mathis\/\"><img loading=\"lazy\" decoding=\"async\" width=\"600\" height=\"400\" src=\"https:\/\/villa-mathis.com\/wp-content\/uploads\/2024\/09\/Capture-decran-2025-08-22-a-11.15.18-600x400.png\" class=\"attachment-post-600x400-image size-post-600x400-image wp-post-image\" alt=\"\" \/>\t\t<\/a>\t\t<a class=\"item-link-overlay\" href=\"https:\/\/villa-mathis.com\/en\/fetes-de-fin-dannee-2025-a-la-villa-mathis\/\" ><\/a>\t\t<div class=\"wbc-extra-links\">\t\t\t<a data-fancybox title=\"Capture d\u2019e\u0301cran 2025-08-22 a\u0300 11.15.18\" href=\"https:\/\/villa-mathis.com\/wp-content\/uploads\/2024\/09\/Capture-decran-2025-08-22-a-11.15.18.png\" class=\"wbc-photo-up\"><i class=\"fa fa-search\"><\/i><\/a>\t\t\t<a href=\"https:\/\/villa-mathis.com\/en\/fetes-de-fin-dannee-2025-a-la-villa-mathis\/\" class=\"wbc-go-link\"><i class=\"fa fa-link\"><\/i><\/a>\t\t<\/div>\t<\/div><\/div><div class=\"post-contents\"><header class=\"post-header\"><h2 class=\"entry-title\"><a href=\"https:\/\/villa-mathis.com\/en\/fetes-de-fin-dannee-2025-a-la-villa-mathis\/\">F\u00eates de fin d&#8217;ann\u00e9e 2025 \u00e0 la Villa Mathis<\/a><\/h2><div class=\"entry-meta\"><span class=\"date\"><i class=\"far fa-calendar-alt\"><\/i> September 24, 2024<\/span><span class=\"user\"><i class=\"fas fa-user\"><\/i> By <a href=\"https:\/\/villa-mathis.com\/en\/author\/master_villa1557\/\">Pascal<\/a><\/span><span class=\"post-in\"><i class=\"fas fa-pencil-alt\"><\/i> In <a href=\"https:\/\/villa-mathis.com\/category\/actus-du-sommet\/\" rel=\"category tag\">Actus du sommet<\/a><\/span><span class=\"comments\"><i class=\"fas fa-comments\"><\/i> No Comments<\/span><\/div><\/header><div class=\"entry-content clearfix\"><p>[vc_row][vc_column][vc_column_text] &nbsp; T\u00e9l\u00e9chargez le document &#8220;Fin d&#8217;ann\u00e9e Entreprises 2025&#8221; [\/vc_column_text][vc_column_text] [\/vc_column_text][\/vc_column][\/vc_row]...<\/p><div class=\"more-link\"><a href=\"https:\/\/villa-mathis.com\/en\/fetes-de-fin-dannee-2025-a-la-villa-mathis\/\" class=\"button btn-primary\">Read More<\/a><\/div><\/div><!-- .\/entry-content clearfix --><\/div><!-- .\/post-contents --><\/article> <!-- .\/post --><\/div><!-- \/.posts --><\/div><!-- \/.wbc-blog-post-wrapper -->[vc_column_text]<\/p>\n<p style=\"text-align: center;\">La Villa Mathis: wedding, party, reception or seminar in Alsace.<\/p>\n<p>[\/vc_column_text][\/vc_column][\/vc_row]<\/p>\n<\/div>","protected":false},"excerpt":{"rendered":"<p>[vc_row row_type=&#8221;full_width&#8221; type=&#8221;full_screen&#8221;][vc_column offset=&#8221;vc_hidden-xs&#8221;][vc_single_image image=&#8221;5874&#8243; img_size=&#8221;full&#8221; alignment=&#8221;center&#8221;][\/vc_column][\/vc_row][vc_row row_type=&#8221;full_width&#8221; type=&#8221;container&#8221; bg_select=&#8221;bg_color_section&#8221; border_color=&#8221;#ebebeb&#8221; p_bottom=&#8221;15&#8243; p_top=&#8221;50&#8243;][vc_column][vc_separator color=&#8221;custom&#8221; el_width=&#8221;20&#8243; accent_color=&#8221;#545454&#8243;][vc_single_image image=&#8221;1313&#8243; img_size=&#8221;full&#8221; alignment=&#8221;center&#8221; css=&#8221;.vc_custom_1473424824599{padding-top: 15px !important;padding-bottom: 10px !important;}&#8221;][\/vc_column][vc_column width=&#8221;1\/3&#8243;][vc_row_inner][vc_column_inner width=&#8221;1\/4&#8243;][\/vc_column_inner][vc_column_inner width=&#8221;3\/4&#8243;][vc_separator color=&#8221;custom&#8221; accent_color=&#8221;#545454&#8243;][\/vc_column_inner][vc_column_inner][vc_column_text]A true partner, our team is at your disposal to assist you in organizing your event and ensures you a tailor-made moment, a success and&nbsp; the way you imagined it.&nbsp;&nbsp; We can host from 10 people on weekdays for business meetings and up to 160 people on weekends.[\/vc_column_text][\/vc_column_inner][\/vc_row_inner][\/vc_column][vc_column width=&#8221;1\/3&#8243;][vc_row_inner][vc_column_inner width=&#8221;1\/4&#8243;][\/vc_column_inner][vc_column_inner width=&#8221;3\/4&#8243;][vc_separator color=&#8221;custom&#8221; accent_color=&#8221;#545454&#8243;][\/vc_column_inner][vc_column_inner][vc_column_text]You can rely on our organizational expertise to make your event unique. Whether you just need advice or if you prefer our team to orchestrate from A to Z&nbsp; our team is open to your requests.&nbsp;&nbsp; We are ressourceful, with years of experience, full of ideas to turn your dreams in to reality&#8230; Sit back let us take the stress so you don&#8217;t have to![\/vc_column_text][\/vc_column_inner][\/vc_row_inner][\/vc_column][vc_column width=&#8221;1\/3&#8243;][vc_row_inner][vc_column_inner width=&#8221;1\/4&#8243;][\/vc_column_inner][vc_column_inner width=&#8221;3\/4&#8243;][vc_separator color=&#8221;custom&#8221; accent_color=&#8221;#545454&#8243;][\/vc_column_inner][vc_column_inner][vc_column_text]A lot of activities and original ideas!&nbsp;&nbsp; For all your events, wedding, party, reception, conference or seminars in Alsace, the Villa Mathis team offers you its experience organizing events and offers you a wide choice being it during the day, during the evening and in all seasons![\/vc_column_text][\/vc_column_inner][\/vc_row_inner][\/vc_column][\/vc_row][vc_row row_type=&#8221;full_width&#8221; type=&#8221;container&#8221; bg_select=&#8221;bg_color_section&#8221; border_color=&#8221;#ebebeb&#8221; p_bottom=&#8221;50px&#8221;][vc_column width=&#8221;1\/3&#8243; offset=&#8221;vc_hidden-xs&#8221;][vc_single_image image=&#8221;3076&#8243; img_size=&#8221;full&#8221; alignment=&#8221;right&#8221;][\/vc_column][vc_column width=&#8221;1\/3&#8243; offset=&#8221;vc_hidden-xs&#8221;][vc_single_image image=&#8221;3282&#8243; img_size=&#8221;full&#8221;][\/vc_column][vc_column width=&#8221;1\/3&#8243; offset=&#8221;vc_hidden-xs&#8221;][vc_single_image image=&#8221;3077&#8243; img_size=&#8221;full&#8221;][\/vc_column][vc_column][\/vc_column][\/vc_row][vc_row row_type=&#8221;full_width&#8221; type=&#8221;full_screen&#8221; bg_select=&#8221;bg_color_section&#8221; font_color=&#8221;#ffffff&#8221; border_color=&#8221;#ffffff&#8221;][vc_column p_left=&#8221;4%&#8221; p_right=&#8221;4%&#8221; bg_color=&#8221;#ffffff&#8221; p_top=&#8221;50&#8243; p_bottom=&#8221;30&#8243;][vc_separator color=&#8221;custom&#8221; el_width=&#8221;20&#8243; accent_color=&#8221;#545454&#8243;][vc_single_image image=&#8221;1313&#8243; img_size=&#8221;full&#8221; alignment=&#8221;center&#8221; css=&#8221;.vc_custom_1467643021412{padding-top: 15px !important;padding-bottom: 10px !important;}&#8221;][\/vc_column][\/vc_row][vc_row match_height=&#8221;yes&#8221;][vc_column width=&#8221;1\/2&#8243; p_left=&#8221;30%&#8221; bg_color=&#8221;#94241d&#8221;][vc_separator color=&#8221;white&#8221; align=&#8221;align_left&#8221; el_width=&#8221;80&#8243;][vc_column_text]Any wedding style!&nbsp;&nbsp; Banquet &#8211; Party &#8211; Birthday &#8211; Reception&nbsp;&nbsp; Family event \u2013 Family reunion&nbsp; Car Rally&nbsp;&nbsp; AGM for [&hellip;]<\/p>\n","protected":false},"author":4,"featured_media":0,"parent":0,"menu_order":0,"comment_status":"closed","ping_status":"closed","template":"template-page-full.php","meta":{"ngg_post_thumbnail":0,"footnotes":""},"yoast_head":"<!-- This site is optimized with the Yoast SEO plugin v22.4 - https:\/\/yoast.com\/wordpress\/plugins\/seo\/ -->\n<title>WEDDING, PARTY, RECEPTION OR SEMINAR IN ALSACE - La Villa Mathis<\/title>\n<meta name=\"description\" content=\"Wedding, party, reception or a seminar in Alsace ? Team building actions? We welcome you, in Alsace, in the mountains and in the great outdoors!\" \/>\n<meta name=\"robots\" content=\"index, follow, max-snippet:-1, max-image-preview:large, max-video-preview:-1\" \/>\n<link rel=\"canonical\" href=\"https:\/\/villa-mathis.com\/en\/\" \/>\n<meta property=\"og:locale\" content=\"en_US\" \/>\n<meta property=\"og:type\" content=\"article\" \/>\n<meta property=\"og:title\" content=\"WEDDING, PARTY, RECEPTION OR SEMINAR IN ALSACE - La Villa Mathis\" \/>\n<meta property=\"og:description\" content=\"Wedding, party, reception or a seminar in Alsace ? Team building actions? We welcome you, in Alsace, in the mountains and in the great outdoors!\" \/>\n<meta property=\"og:url\" content=\"https:\/\/villa-mathis.com\/en\/\" \/>\n<meta property=\"og:site_name\" content=\"La Villa Mathis\" \/>\n<meta property=\"article:publisher\" content=\"https:\/\/www.facebook.com\/VillaMathis\" \/>\n<meta property=\"article:modified_time\" content=\"2020-08-10T06:09:23+00:00\" \/>\n<meta name=\"twitter:card\" content=\"summary_large_image\" \/>\n<meta name=\"twitter:site\" content=\"@mathisvilla\" \/>\n<meta name=\"twitter:label1\" content=\"Est. reading time\" \/>\n\t<meta name=\"twitter:data1\" content=\"13 minutes\" \/>\n<script type=\"application\/ld+json\" class=\"yoast-schema-graph\">{\"@context\":\"https:\/\/schema.org\",\"@graph\":[{\"@type\":\"WebPage\",\"@id\":\"https:\/\/villa-mathis.com\/en\/\",\"url\":\"https:\/\/villa-mathis.com\/en\/\",\"name\":\"WEDDING, PARTY, RECEPTION OR SEMINAR IN ALSACE - La Villa Mathis\",\"isPartOf\":{\"@id\":\"https:\/\/villa-mathis.com\/#website\"},\"datePublished\":\"2016-10-24T21:45:42+00:00\",\"dateModified\":\"2020-08-10T06:09:23+00:00\",\"description\":\"Wedding, party, reception or a seminar in Alsace ? Team building actions? We welcome you, in Alsace, in the mountains and in the great outdoors!\",\"breadcrumb\":{\"@id\":\"https:\/\/villa-mathis.com\/en\/#breadcrumb\"},\"inLanguage\":\"en-US\",\"potentialAction\":[{\"@type\":\"ReadAction\",\"target\":[\"https:\/\/villa-mathis.com\/en\/\"]}]},{\"@type\":\"BreadcrumbList\",\"@id\":\"https:\/\/villa-mathis.com\/en\/#breadcrumb\",\"itemListElement\":[{\"@type\":\"ListItem\",\"position\":1,\"name\":\"Accueil\",\"item\":\"https:\/\/villa-mathis.com\/en\/\"},{\"@type\":\"ListItem\",\"position\":2,\"name\":\"WEDDING, PARTY, RECEPTION OR SEMINAR IN ALSACE\"}]},{\"@type\":\"WebSite\",\"@id\":\"https:\/\/villa-mathis.com\/#website\",\"url\":\"https:\/\/villa-mathis.com\/\",\"name\":\"La Villa Mathis\",\"description\":\"Sp\u00e9cialiste du S\u00e9minaire et du Mariage (Alsace et Vosges)\",\"potentialAction\":[{\"@type\":\"SearchAction\",\"target\":{\"@type\":\"EntryPoint\",\"urlTemplate\":\"https:\/\/villa-mathis.com\/?s={search_term_string}\"},\"query-input\":\"required name=search_term_string\"}],\"inLanguage\":\"en-US\"}]}<\/script>\n<!-- \/ Yoast SEO plugin. -->","yoast_head_json":{"title":"WEDDING, PARTY, RECEPTION OR SEMINAR IN ALSACE - La Villa Mathis","description":"Wedding, party, reception or a seminar in Alsace ? Team building actions? We welcome you, in Alsace, in the mountains and in the great outdoors!","robots":{"index":"index","follow":"follow","max-snippet":"max-snippet:-1","max-image-preview":"max-image-preview:large","max-video-preview":"max-video-preview:-1"},"canonical":"https:\/\/villa-mathis.com\/en\/","og_locale":"en_US","og_type":"article","og_title":"WEDDING, PARTY, RECEPTION OR SEMINAR IN ALSACE - La Villa Mathis","og_description":"Wedding, party, reception or a seminar in Alsace ? Team building actions? We welcome you, in Alsace, in the mountains and in the great outdoors!","og_url":"https:\/\/villa-mathis.com\/en\/","og_site_name":"La Villa Mathis","article_publisher":"https:\/\/www.facebook.com\/VillaMathis","article_modified_time":"2020-08-10T06:09:23+00:00","twitter_card":"summary_large_image","twitter_site":"@mathisvilla","twitter_misc":{"Est. reading time":"13 minutes"},"schema":{"@context":"https:\/\/schema.org","@graph":[{"@type":"WebPage","@id":"https:\/\/villa-mathis.com\/en\/","url":"https:\/\/villa-mathis.com\/en\/","name":"WEDDING, PARTY, RECEPTION OR SEMINAR IN ALSACE - La Villa Mathis","isPartOf":{"@id":"https:\/\/villa-mathis.com\/#website"},"datePublished":"2016-10-24T21:45:42+00:00","dateModified":"2020-08-10T06:09:23+00:00","description":"Wedding, party, reception or a seminar in Alsace ? Team building actions? We welcome you, in Alsace, in the mountains and in the great outdoors!","breadcrumb":{"@id":"https:\/\/villa-mathis.com\/en\/#breadcrumb"},"inLanguage":"en-US","potentialAction":[{"@type":"ReadAction","target":["https:\/\/villa-mathis.com\/en\/"]}]},{"@type":"BreadcrumbList","@id":"https:\/\/villa-mathis.com\/en\/#breadcrumb","itemListElement":[{"@type":"ListItem","position":1,"name":"Accueil","item":"https:\/\/villa-mathis.com\/en\/"},{"@type":"ListItem","position":2,"name":"WEDDING, PARTY, RECEPTION OR SEMINAR IN ALSACE"}]},{"@type":"WebSite","@id":"https:\/\/villa-mathis.com\/#website","url":"https:\/\/villa-mathis.com\/","name":"La Villa Mathis","description":"Sp\u00e9cialiste du S\u00e9minaire et du Mariage (Alsace et Vosges)","potentialAction":[{"@type":"SearchAction","target":{"@type":"EntryPoint","urlTemplate":"https:\/\/villa-mathis.com\/?s={search_term_string}"},"query-input":"required name=search_term_string"}],"inLanguage":"en-US"}]}},"_links":{"self":[{"href":"https:\/\/villa-mathis.com\/en\/wp-json\/wp\/v2\/pages\/4275"}],"collection":[{"href":"https:\/\/villa-mathis.com\/en\/wp-json\/wp\/v2\/pages"}],"about":[{"href":"https:\/\/villa-mathis.com\/en\/wp-json\/wp\/v2\/types\/page"}],"author":[{"embeddable":true,"href":"https:\/\/villa-mathis.com\/en\/wp-json\/wp\/v2\/users\/4"}],"replies":[{"embeddable":true,"href":"https:\/\/villa-mathis.com\/en\/wp-json\/wp\/v2\/comments?post=4275"}],"version-history":[{"count":5,"href":"https:\/\/villa-mathis.com\/en\/wp-json\/wp\/v2\/pages\/4275\/revisions"}],"predecessor-version":[{"id":4928,"href":"https:\/\/villa-mathis.com\/en\/wp-json\/wp\/v2\/pages\/4275\/revisions\/4928"}],"wp:attachment":[{"href":"https:\/\/villa-mathis.com\/en\/wp-json\/wp\/v2\/media?parent=4275"}],"curies":[{"name":"wp","href":"https:\/\/api.w.org\/{rel}","templated":true}]}}