{"id":4698,"date":"2016-11-17T19:35:02","date_gmt":"2016-11-17T19:35:02","guid":{"rendered":"http:\/\/villa-mathis.com\/seminaires-d-entreprises\/"},"modified":"2017-05-12T08:48:32","modified_gmt":"2017-05-12T08:48:32","slug":"seminaires-d-entreprises","status":"publish","type":"page","link":"https:\/\/villa-mathis.com\/de\/seminaires-d-entreprises\/","title":{"rendered":"S\u00e9minaires d&#8217;entreprises"},"content":{"rendered":"<div class=\"wpb-content-wrapper\"><p>[vc_row row_type=&#8220;full_width&#8220; type=&#8220;container&#8220; p_top=&#8220;50&#8243; p_bottom=&#8220;30&#8243;][vc_column]<div class=\"wbc-heading clearfix\"><h1 class=\"default-heading\" style=\"text-align:center;padding-bottom:10px;\">LA VILLA PRESQUE EN DIRECT !<\/h1><\/div>[vc_separator color=&#8220;custom&#8220; el_width=&#8220;20&#8243; accent_color=&#8220;#545454&#8243;]<div class=\"wbc-heading clearfix\"><h2 class=\"special-heading-3\" style=\"text-align:center;padding-bottom:10px;\">D\u00e9couvrez la Villa en images<br \/><\/h2><\/div>[vc_single_image image=&#8220;1313&#8243; img_size=&#8220;full&#8220; alignment=&#8220;center&#8220; css=&#8220;.vc_custom_1467643021412{padding-top: 15px !important;padding-bottom: 10px !important;}&#8220;]<div class=\"wbc-heading clearfix\"><h3 class=\"default-heading\" style=\"text-align:center;margin-top:30px;padding-bottom:30px;\">S\u00e9minaire d'entreprise \u00e0 La Villa<\/h3><\/div>[vc_column_text]<\/p>\n<p style=\"text-align: center;\"><span style=\"font-size: 10pt;\">Cliquez une image pour lancer le diaporama<br \/>\n<\/span><\/p>\n<h4 style=\"text-align: center;\"><a href=\"\/?page_id=3626\">Revenir aux albums<\/a><\/h4>\n<p>[\/vc_column_text]<div id=\"69f2034869c33\" class=\"gg_gallery_wrap gg_masonry_gallery gid_4075 gg_hidden_ol gg_ol_bottom_mode gg_main_ol_show_on_h \" gg_ol=\"default\" col-num=\"4\" ggom_fx=\"\" ggom_timing=\"300\" rel=\"4075\">      <div class=\"gg_loader\">  <div class=\"ggl_1\"><\/div>  <div class=\"ggl_2\"><\/div>  <div class=\"ggl_3\"><\/div>  <div class=\"ggl_4\"><\/div><\/div>  <div class=\"gg_container\">    <div gg-url=\"https:\/\/villa-mathis.com\/wp-content\/gallery\/seminaires\/lieu-seminaire-en-alsace.jpg\" class=\"gg_img \" gg-title=\"lieu-seminaire-en-alsace\" gg-author=\"\" gg-descr=\"\" rel=\"4075\">  <div class=\"gg_img_inner\"><div class=\"gg_main_img_wrap\"><img decoding=\"async\" src=\"https:\/\/villa-mathis.com\/wp-content\/plugins\/global-gallery\/classes\/timthumb.php?src=\/home\/sc1wapa8308\/villa-mathis.com\/wp-content\/gallery\/seminaires\/lieu-seminaire-en-alsace.jpg&w=315&h=&a=c&q=100&zc=1&cc=FFFFFF\" alt=\"lieu-seminaire-en-alsace\" class=\"gg_photo gg_main_thumb\" \/><noscript><img decoding=\"async\" src=\"https:\/\/villa-mathis.com\/wp-content\/gallery\/seminaires\/lieu-seminaire-en-alsace.jpg\" alt=\"lieu-seminaire-en-alsace\" \/><\/noscript><\/div><div class=\"gg_overlays\"><\/div><\/div><\/div><div gg-url=\"https:\/\/villa-mathis.com\/wp-content\/gallery\/seminaires\/lieu-congres-entreprise-alsace.jpg\" class=\"gg_img \" gg-title=\"lieu-congres-entreprise-alsace\" gg-author=\"\" gg-descr=\"\" rel=\"4075\">  <div class=\"gg_img_inner\"><div class=\"gg_main_img_wrap\"><img decoding=\"async\" src=\"https:\/\/villa-mathis.com\/wp-content\/plugins\/global-gallery\/classes\/timthumb.php?src=\/home\/sc1wapa8308\/villa-mathis.com\/wp-content\/gallery\/seminaires\/lieu-congres-entreprise-alsace.jpg&w=315&h=&a=c&q=100&zc=1&cc=FFFFFF\" alt=\"lieu-congres-entreprise-alsace\" class=\"gg_photo gg_main_thumb\" \/><noscript><img decoding=\"async\" src=\"https:\/\/villa-mathis.com\/wp-content\/gallery\/seminaires\/lieu-congres-entreprise-alsace.jpg\" alt=\"lieu-congres-entreprise-alsace\" \/><\/noscript><\/div><div class=\"gg_overlays\"><\/div><\/div><\/div><div gg-url=\"https:\/\/villa-mathis.com\/wp-content\/gallery\/seminaires\/location-seminaire-alsace.jpg\" class=\"gg_img \" gg-title=\"location-seminaire-alsace\" gg-author=\"\" gg-descr=\"\" rel=\"4075\">  <div class=\"gg_img_inner\"><div class=\"gg_main_img_wrap\"><img decoding=\"async\" src=\"https:\/\/villa-mathis.com\/wp-content\/plugins\/global-gallery\/classes\/timthumb.php?src=\/home\/sc1wapa8308\/villa-mathis.com\/wp-content\/gallery\/seminaires\/location-seminaire-alsace.jpg&w=315&h=&a=c&q=100&zc=1&cc=FFFFFF\" alt=\"location-seminaire-alsace\" class=\"gg_photo gg_main_thumb\" \/><noscript><img decoding=\"async\" src=\"https:\/\/villa-mathis.com\/wp-content\/gallery\/seminaires\/location-seminaire-alsace.jpg\" alt=\"location-seminaire-alsace\" \/><\/noscript><\/div><div class=\"gg_overlays\"><\/div><\/div><\/div><div gg-url=\"https:\/\/villa-mathis.com\/wp-content\/gallery\/seminaires\/team-building-en-alsace.jpg\" class=\"gg_img \" gg-title=\"team-building-en-alsace\" gg-author=\"\" gg-descr=\"\" rel=\"4075\">  <div class=\"gg_img_inner\"><div class=\"gg_main_img_wrap\"><img decoding=\"async\" src=\"https:\/\/villa-mathis.com\/wp-content\/plugins\/global-gallery\/classes\/timthumb.php?src=\/home\/sc1wapa8308\/villa-mathis.com\/wp-content\/gallery\/seminaires\/team-building-en-alsace.jpg&w=315&h=&a=c&q=100&zc=1&cc=FFFFFF\" alt=\"team-building-en-alsace\" class=\"gg_photo gg_main_thumb\" \/><noscript><img decoding=\"async\" src=\"https:\/\/villa-mathis.com\/wp-content\/gallery\/seminaires\/team-building-en-alsace.jpg\" alt=\"team-building-en-alsace\" \/><\/noscript><\/div><div class=\"gg_overlays\"><\/div><\/div><\/div><div gg-url=\"https:\/\/villa-mathis.com\/wp-content\/gallery\/seminaires\/endroit-pour-seminaire-alsace.JPG\" class=\"gg_img \" gg-title=\"endroit-pour-seminaire-alsace\" gg-author=\"\" gg-descr=\"\" rel=\"4075\">  <div class=\"gg_img_inner\"><div class=\"gg_main_img_wrap\"><img decoding=\"async\" src=\"https:\/\/villa-mathis.com\/wp-content\/plugins\/global-gallery\/classes\/timthumb.php?src=\/home\/sc1wapa8308\/villa-mathis.com\/wp-content\/gallery\/seminaires\/endroit-pour-seminaire-alsace.JPG&w=315&h=&a=c&q=100&zc=1&cc=FFFFFF\" alt=\"endroit-pour-seminaire-alsace\" class=\"gg_photo gg_main_thumb\" \/><noscript><img decoding=\"async\" src=\"https:\/\/villa-mathis.com\/wp-content\/gallery\/seminaires\/endroit-pour-seminaire-alsace.JPG\" alt=\"endroit-pour-seminaire-alsace\" \/><\/noscript><\/div><div class=\"gg_overlays\"><\/div><\/div><\/div><div gg-url=\"https:\/\/villa-mathis.com\/wp-content\/gallery\/seminaires\/salle-seminaire-en-alsace.jpg\" class=\"gg_img \" gg-title=\"salle-seminaire-en-alsace\" gg-author=\"\" gg-descr=\"\" rel=\"4075\">  <div class=\"gg_img_inner\"><div class=\"gg_main_img_wrap\"><img decoding=\"async\" src=\"https:\/\/villa-mathis.com\/wp-content\/plugins\/global-gallery\/classes\/timthumb.php?src=\/home\/sc1wapa8308\/villa-mathis.com\/wp-content\/gallery\/seminaires\/salle-seminaire-en-alsace.jpg&w=315&h=&a=c&q=100&zc=1&cc=FFFFFF\" alt=\"salle-seminaire-en-alsace\" class=\"gg_photo gg_main_thumb\" \/><noscript><img decoding=\"async\" src=\"https:\/\/villa-mathis.com\/wp-content\/gallery\/seminaires\/salle-seminaire-en-alsace.jpg\" alt=\"salle-seminaire-en-alsace\" \/><\/noscript><\/div><div class=\"gg_overlays\"><\/div><\/div><\/div><\/div><div style=\"clear: both;\"><\/div><\/div>[\/vc_column][\/vc_row]<\/p>\n<\/div>","protected":false},"excerpt":{"rendered":"<p>[vc_row row_type=&#8220;full_width&#8220; type=&#8220;container&#8220; p_top=&#8220;50&#8243; p_bottom=&#8220;30&#8243;][vc_column][vc_separator color=&#8220;custom&#8220; el_width=&#8220;20&#8243; accent_color=&#8220;#545454&#8243;][vc_single_image image=&#8220;1313&#8243; img_size=&#8220;full&#8220; alignment=&#8220;center&#8220; css=&#8220;.vc_custom_1467643021412{padding-top: 15px !important;padding-bottom: 10px !important;}&#8220;][vc_column_text] Cliquez une image pour lancer le diaporama Revenir aux albums [\/vc_column_text][\/vc_column][\/vc_row]<\/p>\n","protected":false},"author":4,"featured_media":0,"parent":0,"menu_order":0,"comment_status":"closed","ping_status":"closed","template":"template-page-full.php","meta":{"ngg_post_thumbnail":0,"footnotes":""},"yoast_head":"<!-- This site is optimized with the Yoast SEO plugin v22.4 - https:\/\/yoast.com\/wordpress\/plugins\/seo\/ -->\n<title>S\u00e9minaires d&#039;entreprises - La Villa Mathis<\/title>\n<meta name=\"description\" content=\"S\u00e9minaires d&#039;entreprises : La Villa Mathis vous accueille pour vos tous \u00e9v\u00e9nement professionnels. D\u00e9couvrez quelques images !\" \/>\n<meta name=\"robots\" content=\"index, follow, max-snippet:-1, max-image-preview:large, max-video-preview:-1\" \/>\n<link rel=\"canonical\" href=\"https:\/\/villa-mathis.com\/de\/seminaires-d-entreprises\/\" \/>\n<meta property=\"og:locale\" content=\"de_DE\" \/>\n<meta property=\"og:type\" content=\"article\" \/>\n<meta property=\"og:title\" content=\"S\u00e9minaires d&#039;entreprises - La Villa Mathis\" \/>\n<meta property=\"og:description\" content=\"S\u00e9minaires d&#039;entreprises : La Villa Mathis vous accueille pour vos tous \u00e9v\u00e9nement professionnels. D\u00e9couvrez quelques images !\" \/>\n<meta property=\"og:url\" content=\"https:\/\/villa-mathis.com\/de\/seminaires-d-entreprises\/\" \/>\n<meta property=\"og:site_name\" content=\"La Villa Mathis\" \/>\n<meta property=\"article:publisher\" content=\"https:\/\/www.facebook.com\/VillaMathis\" \/>\n<meta property=\"article:modified_time\" content=\"2017-05-12T08:48:32+00:00\" \/>\n<meta name=\"twitter:card\" content=\"summary_large_image\" \/>\n<meta name=\"twitter:site\" content=\"@mathisvilla\" \/>\n<meta name=\"twitter:label1\" content=\"Gesch\u00e4tzte Lesezeit\" \/>\n\t<meta name=\"twitter:data1\" content=\"1\u00a0Minute\" \/>\n<script type=\"application\/ld+json\" class=\"yoast-schema-graph\">{\"@context\":\"https:\/\/schema.org\",\"@graph\":[{\"@type\":\"WebPage\",\"@id\":\"https:\/\/villa-mathis.com\/de\/seminaires-d-entreprises\/\",\"url\":\"https:\/\/villa-mathis.com\/de\/seminaires-d-entreprises\/\",\"name\":\"S\u00e9minaires d'entreprises - La Villa Mathis\",\"isPartOf\":{\"@id\":\"https:\/\/villa-mathis.com\/#website\"},\"datePublished\":\"2016-11-17T19:35:02+00:00\",\"dateModified\":\"2017-05-12T08:48:32+00:00\",\"description\":\"S\u00e9minaires d'entreprises : La Villa Mathis vous accueille pour vos tous \u00e9v\u00e9nement professionnels. D\u00e9couvrez quelques images !\",\"breadcrumb\":{\"@id\":\"https:\/\/villa-mathis.com\/de\/seminaires-d-entreprises\/#breadcrumb\"},\"inLanguage\":\"de\",\"potentialAction\":[{\"@type\":\"ReadAction\",\"target\":[\"https:\/\/villa-mathis.com\/de\/seminaires-d-entreprises\/\"]}]},{\"@type\":\"BreadcrumbList\",\"@id\":\"https:\/\/villa-mathis.com\/de\/seminaires-d-entreprises\/#breadcrumb\",\"itemListElement\":[{\"@type\":\"ListItem\",\"position\":1,\"name\":\"Accueil\",\"item\":\"https:\/\/villa-mathis.com\/de\/\"},{\"@type\":\"ListItem\",\"position\":2,\"name\":\"S\u00e9minaires d&#8217;entreprises\"}]},{\"@type\":\"WebSite\",\"@id\":\"https:\/\/villa-mathis.com\/#website\",\"url\":\"https:\/\/villa-mathis.com\/\",\"name\":\"La Villa Mathis\",\"description\":\"Sp\u00e9cialiste du S\u00e9minaire et du Mariage (Alsace et Vosges)\",\"potentialAction\":[{\"@type\":\"SearchAction\",\"target\":{\"@type\":\"EntryPoint\",\"urlTemplate\":\"https:\/\/villa-mathis.com\/?s={search_term_string}\"},\"query-input\":\"required name=search_term_string\"}],\"inLanguage\":\"de\"}]}<\/script>\n<!-- \/ Yoast SEO plugin. -->","yoast_head_json":{"title":"S\u00e9minaires d'entreprises - La Villa Mathis","description":"S\u00e9minaires d'entreprises : La Villa Mathis vous accueille pour vos tous \u00e9v\u00e9nement professionnels. D\u00e9couvrez quelques images !","robots":{"index":"index","follow":"follow","max-snippet":"max-snippet:-1","max-image-preview":"max-image-preview:large","max-video-preview":"max-video-preview:-1"},"canonical":"https:\/\/villa-mathis.com\/de\/seminaires-d-entreprises\/","og_locale":"de_DE","og_type":"article","og_title":"S\u00e9minaires d'entreprises - La Villa Mathis","og_description":"S\u00e9minaires d'entreprises : La Villa Mathis vous accueille pour vos tous \u00e9v\u00e9nement professionnels. D\u00e9couvrez quelques images !","og_url":"https:\/\/villa-mathis.com\/de\/seminaires-d-entreprises\/","og_site_name":"La Villa Mathis","article_publisher":"https:\/\/www.facebook.com\/VillaMathis","article_modified_time":"2017-05-12T08:48:32+00:00","twitter_card":"summary_large_image","twitter_site":"@mathisvilla","twitter_misc":{"Gesch\u00e4tzte Lesezeit":"1\u00a0Minute"},"schema":{"@context":"https:\/\/schema.org","@graph":[{"@type":"WebPage","@id":"https:\/\/villa-mathis.com\/de\/seminaires-d-entreprises\/","url":"https:\/\/villa-mathis.com\/de\/seminaires-d-entreprises\/","name":"S\u00e9minaires d'entreprises - La Villa Mathis","isPartOf":{"@id":"https:\/\/villa-mathis.com\/#website"},"datePublished":"2016-11-17T19:35:02+00:00","dateModified":"2017-05-12T08:48:32+00:00","description":"S\u00e9minaires d'entreprises : La Villa Mathis vous accueille pour vos tous \u00e9v\u00e9nement professionnels. D\u00e9couvrez quelques images !","breadcrumb":{"@id":"https:\/\/villa-mathis.com\/de\/seminaires-d-entreprises\/#breadcrumb"},"inLanguage":"de","potentialAction":[{"@type":"ReadAction","target":["https:\/\/villa-mathis.com\/de\/seminaires-d-entreprises\/"]}]},{"@type":"BreadcrumbList","@id":"https:\/\/villa-mathis.com\/de\/seminaires-d-entreprises\/#breadcrumb","itemListElement":[{"@type":"ListItem","position":1,"name":"Accueil","item":"https:\/\/villa-mathis.com\/de\/"},{"@type":"ListItem","position":2,"name":"S\u00e9minaires d&#8217;entreprises"}]},{"@type":"WebSite","@id":"https:\/\/villa-mathis.com\/#website","url":"https:\/\/villa-mathis.com\/","name":"La Villa Mathis","description":"Sp\u00e9cialiste du S\u00e9minaire et du Mariage (Alsace et Vosges)","potentialAction":[{"@type":"SearchAction","target":{"@type":"EntryPoint","urlTemplate":"https:\/\/villa-mathis.com\/?s={search_term_string}"},"query-input":"required name=search_term_string"}],"inLanguage":"de"}]}},"_links":{"self":[{"href":"https:\/\/villa-mathis.com\/de\/wp-json\/wp\/v2\/pages\/4698"}],"collection":[{"href":"https:\/\/villa-mathis.com\/de\/wp-json\/wp\/v2\/pages"}],"about":[{"href":"https:\/\/villa-mathis.com\/de\/wp-json\/wp\/v2\/types\/page"}],"author":[{"embeddable":true,"href":"https:\/\/villa-mathis.com\/de\/wp-json\/wp\/v2\/users\/4"}],"replies":[{"embeddable":true,"href":"https:\/\/villa-mathis.com\/de\/wp-json\/wp\/v2\/comments?post=4698"}],"version-history":[{"count":2,"href":"https:\/\/villa-mathis.com\/de\/wp-json\/wp\/v2\/pages\/4698\/revisions"}],"predecessor-version":[{"id":4700,"href":"https:\/\/villa-mathis.com\/de\/wp-json\/wp\/v2\/pages\/4698\/revisions\/4700"}],"wp:attachment":[{"href":"https:\/\/villa-mathis.com\/de\/wp-json\/wp\/v2\/media?parent=4698"}],"curies":[{"name":"wp","href":"https:\/\/api.w.org\/{rel}","templated":true}]}}