{"id":4692,"date":"2017-05-12T08:40:41","date_gmt":"2017-05-12T08:40:41","guid":{"rendered":"http:\/\/villa-mathis.com\/mentions-legales\/"},"modified":"2017-05-12T08:40:41","modified_gmt":"2017-05-12T08:40:41","slug":"mentions-legales","status":"publish","type":"page","link":"https:\/\/villa-mathis.com\/de\/mentions-legales\/","title":{"rendered":"Mentions l\u00e9gales"},"content":{"rendered":"<div class=\"wpb-content-wrapper\"><p>[vc_row row_type=&#8220;full_width&#8220; type=&#8220;container&#8220; bg_select=&#8220;bg_color_section&#8220; p_top=&#8220;50&#8243; p_bottom=&#8220;10&#8243;][vc_column]<div class=\"wbc-heading clearfix\"><h1 class=\"default-heading\" style=\"text-align:center;padding-bottom:10px;\">ORGANISATION DE MARIAGE OU DE BANQUET EN ALSACE, AU COEUR DE NOTRE DOMAINE<\/h1><\/div>[vc_separator color=&#8220;custom&#8220; el_width=&#8220;20&#8243; accent_color=&#8220;#545454&#8243;]<div class=\"wbc-heading clearfix\"><h2 class=\"default-heading\" style=\"text-align:center;padding-bottom:10px;\">Mentions l\u00e9gales<br \/><\/h2><\/div>[vc_single_image image=&#8220;1313&#8243; img_size=&#8220;full&#8220; alignment=&#8220;center&#8220; css=&#8220;.vc_custom_1468310990102{padding-top: 15px !important;padding-bottom: 10px !important;}&#8220;][vc_column_text css=&#8220;.vc_custom_1477473075750{padding-top: 30px !important;}&#8220;]<\/p>\n<h3>PROTECTION DES DONN\u00c9ES PERSONNELLES<\/h3>\n<p>Conform\u00e9ment \u00e0 la loi Informatique et Libert\u00e9 du 6 janvier 1978, vous disposez d\u2019un droit d\u2019acc\u00e8s et de rectification, sur les donn\u00e9es personnelles que vous nous communiquez. Pour exercer ce droit, il vous suffit de nous adresser un e-mail \u00e0 l\u2019adresse suivante : webmaster@villa-mathis.com. Les donn\u00e9es collect\u00e9es sur ce site sont destin\u00e9es uniquement \u00e0 villa-mathis.com.<\/p>\n<p>&nbsp;<\/p>\n<h3>PROPRI\u00c9T\u00c9 INTELLECTUELLE<\/h3>\n<p>L\u2019ensemble de ce site rel\u00e8ve des l\u00e9gislations Fran\u00e7aises et Internationales sur les droits d\u2019auteur et la propri\u00e9t\u00e9 intellectuelle. Tous les droits de reproduction sont r\u00e9serv\u00e9s pour les textes et les photographies de ce site. La reproduction de tout ou partie de ce site sur un support \u00e9lectronique ou autre quel qu\u2019il soit, est formellement interdite sauf autorisation \u00e9crite de l\u2019auteur, conform\u00e9ment \u00e0 l\u2019article L 122-4 du Code de la Propri\u00e9t\u00e9 intellectuelle.<\/p>\n<p>&nbsp;<\/p>\n<h3>PROPRI\u00c9TAIRE DU SITE<\/h3>\n<p>VILLA MATHIS, S\u00c0RL au capital de 40000\u20ac<br \/>\nSi\u00e8ge social : Col du Kreuzweg &#8211; Breitenbach<br \/>\n67140 LE HOHWALD &#8211; France<br \/>\nT\u00e9l\u00e9phone : +33 (0)3 90 57 27 00<br \/>\nRCS : Colmar<br \/>\nSiret : 491 456 760 00017<br \/>\nN\u00b0 TVA : FR 71 491456760<br \/>\nDirecteur de la publication : Mme Catherine LATOUR-COMAU<\/p>\n<p>&nbsp;<\/p>\n<h3>H\u00c9BERGEMENT ET ADMINISTRATION TECHNIQUE<\/h3>\n<p>ACTIDIA S\u00c0RL<br \/>\nSi\u00e8ge social : 1, rue des Oeillets<br \/>\n67390 OHNENHEIM &#8211; France<br \/>\nT\u00e9l\u00e9phone : +33 (0)6 25 32 62 62[\/vc_column_text][\/vc_column][\/vc_row]<\/p>\n<\/div>","protected":false},"excerpt":{"rendered":"<p>[vc_row row_type=&#8220;full_width&#8220; type=&#8220;container&#8220; bg_select=&#8220;bg_color_section&#8220; p_top=&#8220;50&#8243; p_bottom=&#8220;10&#8243;][vc_column][vc_separator color=&#8220;custom&#8220; el_width=&#8220;20&#8243; accent_color=&#8220;#545454&#8243;][vc_single_image image=&#8220;1313&#8243; img_size=&#8220;full&#8220; alignment=&#8220;center&#8220; css=&#8220;.vc_custom_1468310990102{padding-top: 15px !important;padding-bottom: 10px !important;}&#8220;][vc_column_text css=&#8220;.vc_custom_1477473075750{padding-top: 30px !important;}&#8220;] PROTECTION DES DONN\u00c9ES PERSONNELLES Conform\u00e9ment \u00e0 la loi Informatique et Libert\u00e9 du 6 janvier 1978, vous disposez d\u2019un droit d\u2019acc\u00e8s et de rectification, sur les donn\u00e9es personnelles que vous nous communiquez. Pour exercer ce droit, [&hellip;]<\/p>\n","protected":false},"author":4,"featured_media":0,"parent":0,"menu_order":0,"comment_status":"closed","ping_status":"closed","template":"template-page-full.php","meta":{"ngg_post_thumbnail":0,"footnotes":""},"yoast_head":"<!-- This site is optimized with the Yoast SEO plugin v22.4 - https:\/\/yoast.com\/wordpress\/plugins\/seo\/ -->\n<title>Mentions l\u00e9gales - La Villa Mathis<\/title>\n<meta name=\"description\" content=\"Mentions l\u00e9gales, protection de vos donn\u00e9es et propri\u00e9t\u00e9 intellectuelle\" \/>\n<meta name=\"robots\" content=\"index, follow, max-snippet:-1, max-image-preview:large, max-video-preview:-1\" \/>\n<link rel=\"canonical\" href=\"https:\/\/villa-mathis.com\/de\/mentions-legales\/\" \/>\n<meta property=\"og:locale\" content=\"de_DE\" \/>\n<meta property=\"og:type\" content=\"article\" \/>\n<meta property=\"og:title\" content=\"Mentions l\u00e9gales - La Villa Mathis\" \/>\n<meta property=\"og:description\" content=\"Mentions l\u00e9gales, protection de vos donn\u00e9es et propri\u00e9t\u00e9 intellectuelle\" \/>\n<meta property=\"og:url\" content=\"https:\/\/villa-mathis.com\/de\/mentions-legales\/\" \/>\n<meta property=\"og:site_name\" content=\"La Villa Mathis\" \/>\n<meta property=\"article:publisher\" content=\"https:\/\/www.facebook.com\/VillaMathis\" \/>\n<meta name=\"twitter:card\" content=\"summary_large_image\" \/>\n<meta name=\"twitter:site\" content=\"@mathisvilla\" \/>\n<meta name=\"twitter:label1\" content=\"Gesch\u00e4tzte Lesezeit\" \/>\n\t<meta name=\"twitter:data1\" content=\"2\u00a0Minuten\" \/>\n<script type=\"application\/ld+json\" class=\"yoast-schema-graph\">{\"@context\":\"https:\/\/schema.org\",\"@graph\":[{\"@type\":\"WebPage\",\"@id\":\"https:\/\/villa-mathis.com\/de\/mentions-legales\/\",\"url\":\"https:\/\/villa-mathis.com\/de\/mentions-legales\/\",\"name\":\"Mentions l\u00e9gales - La Villa Mathis\",\"isPartOf\":{\"@id\":\"https:\/\/villa-mathis.com\/#website\"},\"datePublished\":\"2017-05-12T08:40:41+00:00\",\"dateModified\":\"2017-05-12T08:40:41+00:00\",\"description\":\"Mentions l\u00e9gales, protection de vos donn\u00e9es et propri\u00e9t\u00e9 intellectuelle\",\"breadcrumb\":{\"@id\":\"https:\/\/villa-mathis.com\/de\/mentions-legales\/#breadcrumb\"},\"inLanguage\":\"de\",\"potentialAction\":[{\"@type\":\"ReadAction\",\"target\":[\"https:\/\/villa-mathis.com\/de\/mentions-legales\/\"]}]},{\"@type\":\"BreadcrumbList\",\"@id\":\"https:\/\/villa-mathis.com\/de\/mentions-legales\/#breadcrumb\",\"itemListElement\":[{\"@type\":\"ListItem\",\"position\":1,\"name\":\"Accueil\",\"item\":\"https:\/\/villa-mathis.com\/de\/\"},{\"@type\":\"ListItem\",\"position\":2,\"name\":\"Mentions l\u00e9gales\"}]},{\"@type\":\"WebSite\",\"@id\":\"https:\/\/villa-mathis.com\/#website\",\"url\":\"https:\/\/villa-mathis.com\/\",\"name\":\"La Villa Mathis\",\"description\":\"Sp\u00e9cialiste du S\u00e9minaire et du Mariage (Alsace et Vosges)\",\"potentialAction\":[{\"@type\":\"SearchAction\",\"target\":{\"@type\":\"EntryPoint\",\"urlTemplate\":\"https:\/\/villa-mathis.com\/?s={search_term_string}\"},\"query-input\":\"required name=search_term_string\"}],\"inLanguage\":\"de\"}]}<\/script>\n<!-- \/ Yoast SEO plugin. -->","yoast_head_json":{"title":"Mentions l\u00e9gales - La Villa Mathis","description":"Mentions l\u00e9gales, protection de vos donn\u00e9es et propri\u00e9t\u00e9 intellectuelle","robots":{"index":"index","follow":"follow","max-snippet":"max-snippet:-1","max-image-preview":"max-image-preview:large","max-video-preview":"max-video-preview:-1"},"canonical":"https:\/\/villa-mathis.com\/de\/mentions-legales\/","og_locale":"de_DE","og_type":"article","og_title":"Mentions l\u00e9gales - La Villa Mathis","og_description":"Mentions l\u00e9gales, protection de vos donn\u00e9es et propri\u00e9t\u00e9 intellectuelle","og_url":"https:\/\/villa-mathis.com\/de\/mentions-legales\/","og_site_name":"La Villa Mathis","article_publisher":"https:\/\/www.facebook.com\/VillaMathis","twitter_card":"summary_large_image","twitter_site":"@mathisvilla","twitter_misc":{"Gesch\u00e4tzte Lesezeit":"2\u00a0Minuten"},"schema":{"@context":"https:\/\/schema.org","@graph":[{"@type":"WebPage","@id":"https:\/\/villa-mathis.com\/de\/mentions-legales\/","url":"https:\/\/villa-mathis.com\/de\/mentions-legales\/","name":"Mentions l\u00e9gales - La Villa Mathis","isPartOf":{"@id":"https:\/\/villa-mathis.com\/#website"},"datePublished":"2017-05-12T08:40:41+00:00","dateModified":"2017-05-12T08:40:41+00:00","description":"Mentions l\u00e9gales, protection de vos donn\u00e9es et propri\u00e9t\u00e9 intellectuelle","breadcrumb":{"@id":"https:\/\/villa-mathis.com\/de\/mentions-legales\/#breadcrumb"},"inLanguage":"de","potentialAction":[{"@type":"ReadAction","target":["https:\/\/villa-mathis.com\/de\/mentions-legales\/"]}]},{"@type":"BreadcrumbList","@id":"https:\/\/villa-mathis.com\/de\/mentions-legales\/#breadcrumb","itemListElement":[{"@type":"ListItem","position":1,"name":"Accueil","item":"https:\/\/villa-mathis.com\/de\/"},{"@type":"ListItem","position":2,"name":"Mentions l\u00e9gales"}]},{"@type":"WebSite","@id":"https:\/\/villa-mathis.com\/#website","url":"https:\/\/villa-mathis.com\/","name":"La Villa Mathis","description":"Sp\u00e9cialiste du S\u00e9minaire et du Mariage (Alsace et Vosges)","potentialAction":[{"@type":"SearchAction","target":{"@type":"EntryPoint","urlTemplate":"https:\/\/villa-mathis.com\/?s={search_term_string}"},"query-input":"required name=search_term_string"}],"inLanguage":"de"}]}},"_links":{"self":[{"href":"https:\/\/villa-mathis.com\/de\/wp-json\/wp\/v2\/pages\/4692"}],"collection":[{"href":"https:\/\/villa-mathis.com\/de\/wp-json\/wp\/v2\/pages"}],"about":[{"href":"https:\/\/villa-mathis.com\/de\/wp-json\/wp\/v2\/types\/page"}],"author":[{"embeddable":true,"href":"https:\/\/villa-mathis.com\/de\/wp-json\/wp\/v2\/users\/4"}],"replies":[{"embeddable":true,"href":"https:\/\/villa-mathis.com\/de\/wp-json\/wp\/v2\/comments?post=4692"}],"version-history":[{"count":1,"href":"https:\/\/villa-mathis.com\/de\/wp-json\/wp\/v2\/pages\/4692\/revisions"}],"predecessor-version":[{"id":4693,"href":"https:\/\/villa-mathis.com\/de\/wp-json\/wp\/v2\/pages\/4692\/revisions\/4693"}],"wp:attachment":[{"href":"https:\/\/villa-mathis.com\/de\/wp-json\/wp\/v2\/media?parent=4692"}],"curies":[{"name":"wp","href":"https:\/\/api.w.org\/{rel}","templated":true}]}}