{"id":4604,"date":"2017-05-04T13:57:03","date_gmt":"2017-05-04T13:57:03","guid":{"rendered":"http:\/\/villa-mathis.com\/organiser-une-fete-une-reception-ou-un-mariage-en-alsace\/"},"modified":"2019-05-01T06:17:21","modified_gmt":"2019-05-01T06:17:21","slug":"ausrichten-eines-festes-empfangs-hochzeit-im-elsass","status":"publish","type":"page","link":"https:\/\/villa-mathis.com\/de\/ausrichten-eines-festes-empfangs-hochzeit-im-elsass\/","title":{"rendered":"Ausrichten eines festes, empfangs oder einer hochzeit im Elsass"},"content":{"rendered":"<div class=\"wpb-content-wrapper\"><p>[vc_row row_type=&#8220;full_width&#8220; type=&#8220;full_screen&#8220;][vc_column][vc_single_image image=&#8220;3090&#8243; img_size=&#8220;full&#8220;][\/vc_column][\/vc_row][vc_row row_type=&#8220;full_width&#8220; type=&#8220;container&#8220; bg_select=&#8220;bg_color_section&#8220; p_top=&#8220;50&#8243; p_bottom=&#8220;10&#8243;][vc_column]<div class=\"wbc-heading clearfix\"><h1 class=\"default-heading\" style=\"text-align:center;padding-bottom:10px;\">ORGANISER UNE F\u00caTE, UNE R\u00c9CEPTION OU UN MARIAGE EN ALSACE, AU COEUR DE NOTRE DOMAINE<\/h1><\/div>[vc_separator color=&#8220;custom&#8220; el_width=&#8220;20&#8243; accent_color=&#8220;#545454&#8243;]<div class=\"wbc-heading clearfix\"><h2 class=\"default-heading\" style=\"text-align:center;padding-bottom:10px;\">Notre \u00e9quipe est \u00e0 votre \u00e9coute et vous assure un \u00e9v\u00e9nement r\u00e9ussi et sur-mesure dans un lieu idyllique et authentique, en pleine nature, en Alsace, au c\u0153ur du massif des Vosges<br \/><\/h2><\/div>[vc_single_image image=&#8220;1313&#8243; img_size=&#8220;full&#8220; alignment=&#8220;center&#8220; css=&#8220;.vc_custom_1468310990102{padding-top: 15px !important;padding-bottom: 10px !important;}&#8220;]<div class=\"wbc-heading clearfix\"><h3 class=\"default-heading\" style=\"line-height:25px;text-align:center;margin-top:30px;padding-bottom:60px;\">Un service personnalis\u00e9, des menus adapt\u00e9s, les nombreux conseils de nos experts vous permettront d\u2019\u00eatre guid\u00e9 et accompagn\u00e9.<\/h3><\/div>[\/vc_column][\/vc_row][vc_row row_type=&#8220;full_width&#8220; type=&#8220;container&#8220; bg_select=&#8220;bg_color_section&#8220; p_bottom=&#8220;50&#8243;][vc_column width=&#8220;1\/3&#8243;]<div class=\"wbc-heading clearfix\"><h3 class=\"special-heading-3\" style=\"font-size:20px;color:#ad2f32;\">NOTRE ACCOMPAGNEMENT<\/h3><\/div>[vc_column_text]<\/p>\n<p style=\"text-align: justify;\">\u00catre \u00e0 votre \u00e9coute, s\u2019adapter au sens que vous souhaitez donner \u00e0 votre \u00e9v\u00e9nement, vous faire des promesses et les respecter pour que ce soit vraiment le plus beau jour de votre vie ! C\u2019est en apprenant \u00e0 vous conna\u00eetre et en s\u2019engageant \u00e0 vos c\u00f4t\u00e9s que nous r\u00e9ussissons l\u2019organisation de vos \u00e9v\u00e9nements.<\/p>\n<p>[\/vc_column_text][\/vc_column][vc_column width=&#8220;1\/3&#8243;][vc_single_image image=&#8220;3102&#8243; img_size=&#8220;full&#8220; alignment=&#8220;center&#8220;][\/vc_column][vc_column width=&#8220;1\/3&#8243;]<div class=\"wbc-heading clearfix\"><h3 class=\"special-heading-3\" style=\"font-size:20px;color:#ad2f32;\">POUR LES ENFANTS<\/h3><\/div>[vc_column_text]<\/p>\n<p style=\"text-align: justify;\">Nous mettons \u00e0 disposition un espace am\u00e9nageable \u00e9quip\u00e9 d&#8217;un vid\u00e9oprojecteur.<\/p>\n<p style=\"text-align: justify;\">Nos conseils pour occuper vos petits sont multiples et vari\u00e9s. Ils reposent sur notre exp\u00e9rience d\u2019organisation de banquets comptants jusqu\u2019\u00e0 50 enfants.<\/p>\n<p>[\/vc_column_text][\/vc_column][\/vc_row][vc_row row_type=&#8220;full_width&#8220; type=&#8220;container&#8220;][vc_column width=&#8220;1\/3&#8243;][vc_single_image image=&#8220;3403&#8243; img_size=&#8220;full&#8220; alignment=&#8220;center&#8220;][\/vc_column][vc_column width=&#8220;1\/3&#8243;]<div class=\"wbc-heading clearfix\"><h3 class=\"special-heading-3\" style=\"font-size:20px;color:#ad2f32;\">NOTRE CUISINE<\/h3><\/div>[vc_column_text]<\/p>\n<p style=\"text-align: justify;\">Fine et soign\u00e9e, r\u00e9alis\u00e9e par notre Chef et son \u00e9quipe, elle se d\u00e9cline selon diff\u00e9rents th\u00e8mes, du terroir au raffinement, pour vos menus, buffets, cocktails ou Garden-Party. En plus de notre choix de boissons, nous offrons la possibilit\u00e9 d\u2019accorder votre menu avec votre s\u00e9lection personnelle de vins (les droits de bouchon vous sont offerts).<\/p>\n<p>[\/vc_column_text][\/vc_column][vc_column width=&#8220;1\/3&#8243;][vc_single_image image=&#8220;3555&#8243; img_size=&#8220;360&#215;195&#8243; alignment=&#8220;center&#8220;][\/vc_column][\/vc_row][vc_row row_type=&#8220;full_width&#8220; type=&#8220;container&#8220; bg_select=&#8220;bg_color_section&#8220; p_top=&#8220;40&#8243;][vc_column width=&#8220;1\/3&#8243; bg_color=&#8220;#a99d95&#8243; p_top=&#8220;30&#8243;][vc_btn title=&#8220;Demander un devis&#8220; style=&#8220;custom&#8220; custom_background=&#8220;#ad2f32&#8243; custom_text=&#8220;#ffffff&#8220; size=&#8220;lg&#8220; align=&#8220;center&#8220; i_icon_fontawesome=&#8220;fa fa-envelope-o&#8220; add_icon=&#8220;true&#8220; link=&#8220;url:https%3A%2F%2Fvilla-mathis.com%2Fde%2Fpreisanfrage%2F|title:Demande%20de%20devis|&#8220;][\/vc_column][vc_column width=&#8220;1\/3&#8243; bg_color=&#8220;#a99d95&#8243; p_top=&#8220;30&#8243;][vc_btn title=&#8220;Consulter nos brochures&#8220; style=&#8220;custom&#8220; custom_background=&#8220;#ad2f32&#8243; custom_text=&#8220;#ffffff&#8220; size=&#8220;lg&#8220; align=&#8220;center&#8220; i_icon_fontawesome=&#8220;fa fa-file-pdf-o&#8220; add_icon=&#8220;true&#8220; link=&#8220;url:https%3A%2F%2Fvilla-mathis.com%2Fde%2Fentdecken-sie-unsere-angebote-und-laden-sie-unsere-infobroschueren-herunter%2F|&#8220;][\/vc_column][vc_column width=&#8220;1\/3&#8243; bg_color=&#8220;#a99d95&#8243; p_top=&#8220;30&#8243;][vc_btn title=&#8220;Calendrier des disponibilit\u00e9s&#8220; style=&#8220;custom&#8220; custom_background=&#8220;#ad2f32&#8243; custom_text=&#8220;#ffffff&#8220; size=&#8220;lg&#8220; align=&#8220;center&#8220; i_icon_fontawesome=&#8220;fa fa-calendar&#8220; add_icon=&#8220;true&#8220; link=&#8220;url:https%3A%2F%2Fvilla-mathis.com%2Fde%2Fbuchungskalender%2F|&#8220;][\/vc_column][\/vc_row][vc_row row_type=&#8220;full_width&#8220; type=&#8220;container&#8220; bg_select=&#8220;bg_color_section&#8220;][vc_column bg_color=&#8220;#a99d95&#8243; p_bottom=&#8220;15&#8243; m_bottom=&#8220;30&#8243;]<div class=\"wbc-heading clearfix\"><h3 class=\"default-heading\" style=\"color:#ffffff;text-align:center;\">Reposez-vous sur notre expertise dans l\u2019organisation de f\u00eates, r\u00e9ceptions et mariages, nous prenons les ulc\u00e8res !<\/h3><\/div>[\/vc_column][\/vc_row][vc_row row_type=&#8220;full_width&#8220; type=&#8220;container&#8220; bg_select=&#8220;bg_color_section&#8220; bg_color=&#8220;#ffffff&#8220; anchor=&#8220;about&#8220; border_color=&#8220;#ffffff&#8220;][vc_column p_top=&#8220;30&#8243; p_bottom=&#8220;30&#8243;]<div class=\"wbc-heading clearfix\"><h1 class=\"default-heading\" style=\"text-align:center;padding-bottom:10px;\">UNE ID\u00c9E, UNE ENVIE ?<\/h1><\/div>[vc_separator color=&#8220;custom&#8220; el_width=&#8220;20&#8243; accent_color=&#8220;#545454&#8243;]<div class=\"wbc-heading clearfix\"><h2 class=\"default-heading\" style=\"text-align:center;padding-bottom:10px;\">Nous vous accompagnons pour que vos id\u00e9es deviennent r\u00e9alit\u00e9.<br \/><\/h2><\/div>[vc_single_image image=&#8220;1313&#8243; img_size=&#8220;full&#8220; alignment=&#8220;center&#8220; css=&#8220;.vc_custom_1468310990102{padding-top: 15px !important;padding-bottom: 10px !important;}&#8220;]<div class=\"wbc-heading clearfix\"><h3 class=\"default-heading\" style=\"line-height:25px;text-align:center;margin-top:30px;padding-bottom:60px;\">\u00c0 la Villa Mathis tout devient possible !<\/h3><\/div>[\/vc_column][\/vc_row][vc_row row_type=&#8220;full_width&#8220; type=&#8220;container&#8220; bg_select=&#8220;bg_color_section&#8220; bg_color=&#8220;#ffffff&#8220; anchor=&#8220;about&#8220;][vc_column width=&#8220;1\/2&#8243; p_bottom=&#8220;20&#8243;]<div class=\"wbc-heading clearfix\"><h3 class=\"special-heading-3\" style=\"font-size:20px;color:#ad2f32;\">NOTRE ACCOMPAGNEMENT pour plus de s\u00e9r\u00e9nit\u00e9<\/h3><\/div>[vc_column_text]<\/p>\n<ul>\n<li>Expert depuis 2006 dans l\u2019organisation de mariages (env. 25\/an)<\/li>\n<li>Anti-guind\u00e9 : organisation et services professionnels conviviaux &amp; chaleureux<\/li>\n<li>Conseils de prestataires : DJ, fleurs, nounous\u2026. (sans obligation !)<\/li>\n<li>Pack de mat\u00e9riel pour les c\u00e9r\u00e9monies la\u00efques<\/li>\n<\/ul>\n<p>[\/vc_column_text]<div class=\"wbc-heading clearfix\"><h3 class=\"special-heading-3\" style=\"font-size:20px;color:#ad2f32;\">NOS CAPACIT\u00c9S D\u2019ACCUEIL<\/h3><\/div>[vc_column_text]<strong>En cocktail :<\/strong> jusqu\u2019\u00e0 250 personnes <strong>En d\u00eener dansant :<\/strong> jusqu\u2019\u00e0 130 adultes et 50 enfants en tables rondes ou, sur 2 niveaux, jusqu\u2019\u00e0 160 adultes et 50 enfants voire plus encore gr\u00e2ce \u00e0 nos solutions de location de chapiteau[\/vc_column_text][\/vc_column][vc_column width=&#8220;1\/2&#8243; p_bottom=&#8220;20&#8243;][vc_single_image image=&#8220;3115&#8243; img_size=&#8220;full&#8220; alignment=&#8220;center&#8220;][\/vc_column][\/vc_row][vc_row row_type=&#8220;full_width&#8220; type=&#8220;container&#8220; bg_select=&#8220;bg_color_section&#8220; bg_color=&#8220;#ffffff&#8220; anchor=&#8220;about&#8220; p_bottom=&#8220;20&#8243;][vc_column width=&#8220;1\/2&#8243; p_bottom=&#8220;20&#8243;][vc_single_image image=&#8220;3098&#8243; img_size=&#8220;full&#8220; alignment=&#8220;center&#8220;][\/vc_column][vc_column width=&#8220;1\/2&#8243;]<div class=\"wbc-heading clearfix\"><h3 class=\"special-heading-3\" style=\"font-size:20px;color:#ad2f32;\">SERVICES SUR PLACE<\/h3><\/div>[vc_column_text]<\/p>\n<ul>\n<li>Notre chef de cuisine &amp; son \u00e9quipe<\/li>\n<li>Nos serveurs &amp; notre \u00e9quipe de nettoyage<\/li>\n<li>27 chambres (60 pers.) + 2 salles am\u00e9nageables en dortoirs<\/li>\n<li>Chalets &amp; g\u00eetes aux alentours (40 pers.)<\/li>\n<\/ul>\n<p>[\/vc_column_text]<div class=\"wbc-heading clearfix\"><h3 class=\"special-heading-3\" style=\"font-size:20px;color:#ad2f32;\">NOS MENUS<\/h3><\/div>[vc_column_text]<\/p>\n<ul>\n<li>Le jour J : Cocktail en ext\u00e9rieur avec possibilit\u00e9 de repli \u00e0 l\u2019int\u00e9rieur Menu original ou classique \u00e0 vous de choisir ! Menu 4 ou 5 plats \/ Raclette Haut de Gamme \/ Barbecue Prestige<\/li>\n<li>Le lendemain : Petit d\u00e9jeuner buffet \/ Brunch \/ Barbecue convivial \/ Sanglier \u00e0 la broche \/ Tartes flamb\u00e9es<\/li>\n<\/ul>\n<p>[\/vc_column_text][\/vc_column][\/vc_row][vc_row row_type=&#8220;full_width&#8220; type=&#8220;container&#8220; bg_select=&#8220;bg_color_section&#8220; bg_color=&#8220;#ffffff&#8220; anchor=&#8220;about&#8220;][vc_column width=&#8220;1\/2&#8243; p_bottom=&#8220;20&#8243;]<div class=\"wbc-heading clearfix\"><h3 class=\"special-heading-3\" style=\"font-size:20px;color:#ad2f32;\">NOS +<\/h3><\/div>[vc_column_text]<\/p>\n<ul>\n<li>Horaires sans limites !<\/li>\n<li>Droits de bouchon offerts : apportez vos vins &amp; alcools forts !<\/li>\n<li>Pour les plus jeunes, nous mettons \u00e0 disposition un espace am\u00e9nageable de jeux avec vid\u00e9o-projecteur<\/li>\n<\/ul>\n<p>[\/vc_column_text]<div class=\"wbc-heading clearfix\"><h3 class=\"special-heading-3\" style=\"font-size:20px;color:#ad2f32;\">NOS SERVICES INCLUS<\/h3><\/div>[vc_column_text]<\/p>\n<ul>\n<li>Plus qu\u2019un travail, notre organisatrice vous accompagne avec son c\u0153ur et visualise le mariage \u00e0 la&nbsp; Villa pour \u00e9viter d\u2019oublier quoi que ce soit. Le diable est dans les d\u00e9tails !<\/li>\n<li>Mise en place de nos tables et nos chaises par notre \u00e9quipe<\/li>\n<li>Nappage blanc et serviettes blanches en tissu inclus<\/li>\n<li>Mise en place de nos verres et de nos couverts sur table selon votre plan de salle<\/li>\n<li>Nos \u00e9quipes de cuisine et de service embauch\u00e9es \u00e0 l\u2019ann\u00e9e et en extra<\/li>\n<li>Am\u00e9nagement de votre menu selon vos envies et les capacit\u00e9s de notre \u00e9quipe de cuisine<\/li>\n<li>Nettoyage des espaces suite \u00e0 votre \u00e9v\u00e8nement<\/li>\n<li>Rangement de votre d\u00e9coration en carton<\/li>\n<li>Rangement de vos boissons restantes en carton pour que vous n\u2019ayez plus qu\u2019\u00e0 les charger dans vos v\u00e9hicules<\/li>\n<\/ul>\n<p>[\/vc_column_text][\/vc_column][vc_column width=&#8220;1\/2&#8243; p_bottom=&#8220;20&#8243;][vc_single_image image=&#8220;3097&#8243; img_size=&#8220;full&#8220; alignment=&#8220;center&#8220;][\/vc_column][\/vc_row][vc_row row_type=&#8220;full_width&#8220; type=&#8220;container&#8220; bg_select=&#8220;bg_color_section&#8220; p_top=&#8220;40&#8243;][vc_column width=&#8220;1\/3&#8243; bg_color=&#8220;#a99d95&#8243; p_top=&#8220;30&#8243;][vc_btn title=&#8220;Demander un devis&#8220; style=&#8220;custom&#8220; custom_background=&#8220;#ad2f32&#8243; custom_text=&#8220;#ffffff&#8220; size=&#8220;lg&#8220; align=&#8220;center&#8220; i_icon_fontawesome=&#8220;fa fa-envelope-o&#8220; add_icon=&#8220;true&#8220; link=&#8220;url:https%3A%2F%2Fvilla-mathis.com%2Fde%2Fpreisanfrage%2F|title:Demande%20de%20devis|&#8220;][\/vc_column][vc_column width=&#8220;1\/3&#8243; bg_color=&#8220;#a99d95&#8243; p_top=&#8220;30&#8243;][vc_btn title=&#8220;Consulter nos brochures&#8220; style=&#8220;custom&#8220; custom_background=&#8220;#ad2f32&#8243; custom_text=&#8220;#ffffff&#8220; size=&#8220;lg&#8220; align=&#8220;center&#8220; i_icon_fontawesome=&#8220;fa fa-file-pdf-o&#8220; add_icon=&#8220;true&#8220; link=&#8220;url:https%3A%2F%2Fvilla-mathis.com%2Fde%2Fentdecken-sie-unsere-angebote-und-laden-sie-unsere-infobroschueren-herunter%2F|&#8220;][\/vc_column][vc_column width=&#8220;1\/3&#8243; bg_color=&#8220;#a99d95&#8243; p_top=&#8220;30&#8243;][vc_btn title=&#8220;Calendrier des disponibilit\u00e9s&#8220; style=&#8220;custom&#8220; custom_background=&#8220;#ad2f32&#8243; custom_text=&#8220;#ffffff&#8220; size=&#8220;lg&#8220; align=&#8220;center&#8220; i_icon_fontawesome=&#8220;fa fa-calendar&#8220; add_icon=&#8220;true&#8220; link=&#8220;url:https%3A%2F%2Fvilla-mathis.com%2Fde%2Fbuchungskalender%2F|&#8220;][\/vc_column][\/vc_row][vc_row row_type=&#8220;full_width&#8220; type=&#8220;container&#8220; bg_select=&#8220;bg_color_section&#8220;][vc_column bg_color=&#8220;#a99d95&#8243; p_bottom=&#8220;15&#8243; m_bottom=&#8220;30&#8243;]<div class=\"wbc-heading clearfix\"><h3 class=\"default-heading\" style=\"color:#ffffff;text-align:center;\">Reposez-vous sur notre expertise dans l\u2019organisation de mariages et banquets, nous prenons les ulc\u00e8res !<\/h3><\/div>[\/vc_column][\/vc_row][vc_row row_type=&#8220;full_width&#8220; type=&#8220;container&#8220; p_top=&#8220;30&#8243; p_bottom=&#8220;10&#8243;][vc_column]<div class=\"wbc-heading clearfix\"><h3 class=\"special-heading-3\" style=\"font-size:20px;color:#ad2f32;\">NOUVEAUT\u00c9S<\/h3><\/div>[vc_column_text css=&#8220;.vc_custom_1475397210308{padding-bottom: 30px !important;}&#8220;]<\/p>\n<ul>\n<li>Nous pouvons \u00e9galement vous proposer une location de salle simple de notre domaine ou une privatisation compl\u00e8te selon vos besoins, <a href=\"https:\/\/villa-mathis.com\/#contact\">nous contacter pour toute demande<\/a><\/li>\n<\/ul>\n<p>[\/vc_column_text][vc_column_text]<\/p>\n<p style=\"text-align: center;\">Nous mettons tout en \u0153uvre pour que votre f\u00eate, repas, r\u00e9ception ou mariage en Alsace soit vraiment une r\u00e9ussite !<\/p>\n<p>[\/vc_column_text][\/vc_column][\/vc_row]<\/p>\n<\/div>","protected":false},"excerpt":{"rendered":"<p>[vc_row row_type=&#8220;full_width&#8220; type=&#8220;full_screen&#8220;][vc_column][vc_single_image image=&#8220;3090&#8243; img_size=&#8220;full&#8220;][\/vc_column][\/vc_row][vc_row row_type=&#8220;full_width&#8220; type=&#8220;container&#8220; bg_select=&#8220;bg_color_section&#8220; p_top=&#8220;50&#8243; p_bottom=&#8220;10&#8243;][vc_column][vc_separator color=&#8220;custom&#8220; el_width=&#8220;20&#8243; accent_color=&#8220;#545454&#8243;][vc_single_image image=&#8220;1313&#8243; img_size=&#8220;full&#8220; alignment=&#8220;center&#8220; css=&#8220;.vc_custom_1468310990102{padding-top: 15px !important;padding-bottom: 10px !important;}&#8220;][\/vc_column][\/vc_row][vc_row row_type=&#8220;full_width&#8220; type=&#8220;container&#8220; bg_select=&#8220;bg_color_section&#8220; p_bottom=&#8220;50&#8243;][vc_column width=&#8220;1\/3&#8243;][vc_column_text] \u00catre \u00e0 votre \u00e9coute, s\u2019adapter au sens que vous souhaitez donner \u00e0 votre \u00e9v\u00e9nement, vous faire des promesses et les respecter pour que ce soit vraiment le plus beau [&hellip;]<\/p>\n","protected":false},"author":4,"featured_media":0,"parent":0,"menu_order":0,"comment_status":"closed","ping_status":"closed","template":"template-page-full.php","meta":{"ngg_post_thumbnail":0,"footnotes":""},"yoast_head":"<!-- This site is optimized with the Yoast SEO plugin v22.4 - https:\/\/yoast.com\/wordpress\/plugins\/seo\/ -->\n<title>Ausrichten eines festes, empfangs oder einer hochzeit im Elsass - La Villa Mathis<\/title>\n<meta name=\"description\" content=\"F\u00fcr unsere Organisatorin ist es mehr als nur eine Arbeit, sie begleitet Sie mit vollem Herzen und visualisiert Ihre Hochzeit im Elsass\" \/>\n<meta name=\"robots\" content=\"index, follow, max-snippet:-1, max-image-preview:large, max-video-preview:-1\" \/>\n<link rel=\"canonical\" href=\"https:\/\/villa-mathis.com\/de\/ausrichten-eines-festes-empfangs-hochzeit-im-elsass\/\" \/>\n<meta property=\"og:locale\" content=\"de_DE\" \/>\n<meta property=\"og:type\" content=\"article\" \/>\n<meta property=\"og:title\" content=\"Ausrichten eines festes, empfangs oder einer hochzeit im Elsass - La Villa Mathis\" \/>\n<meta property=\"og:description\" content=\"F\u00fcr unsere Organisatorin ist es mehr als nur eine Arbeit, sie begleitet Sie mit vollem Herzen und visualisiert Ihre Hochzeit im Elsass\" \/>\n<meta property=\"og:url\" content=\"https:\/\/villa-mathis.com\/de\/ausrichten-eines-festes-empfangs-hochzeit-im-elsass\/\" \/>\n<meta property=\"og:site_name\" content=\"La Villa Mathis\" \/>\n<meta property=\"article:publisher\" content=\"https:\/\/www.facebook.com\/VillaMathis\" \/>\n<meta property=\"article:modified_time\" content=\"2019-05-01T06:17:21+00:00\" \/>\n<meta name=\"twitter:card\" content=\"summary_large_image\" \/>\n<meta name=\"twitter:site\" content=\"@mathisvilla\" \/>\n<meta name=\"twitter:label1\" content=\"Gesch\u00e4tzte Lesezeit\" \/>\n\t<meta name=\"twitter:data1\" content=\"8\u00a0Minuten\" \/>\n<script type=\"application\/ld+json\" class=\"yoast-schema-graph\">{\"@context\":\"https:\/\/schema.org\",\"@graph\":[{\"@type\":\"WebPage\",\"@id\":\"https:\/\/villa-mathis.com\/de\/ausrichten-eines-festes-empfangs-hochzeit-im-elsass\/\",\"url\":\"https:\/\/villa-mathis.com\/de\/ausrichten-eines-festes-empfangs-hochzeit-im-elsass\/\",\"name\":\"Ausrichten eines festes, empfangs oder einer hochzeit im Elsass - La Villa Mathis\",\"isPartOf\":{\"@id\":\"https:\/\/villa-mathis.com\/#website\"},\"datePublished\":\"2017-05-04T13:57:03+00:00\",\"dateModified\":\"2019-05-01T06:17:21+00:00\",\"description\":\"F\u00fcr unsere Organisatorin ist es mehr als nur eine Arbeit, sie begleitet Sie mit vollem Herzen und visualisiert Ihre Hochzeit im Elsass\",\"breadcrumb\":{\"@id\":\"https:\/\/villa-mathis.com\/de\/ausrichten-eines-festes-empfangs-hochzeit-im-elsass\/#breadcrumb\"},\"inLanguage\":\"de\",\"potentialAction\":[{\"@type\":\"ReadAction\",\"target\":[\"https:\/\/villa-mathis.com\/de\/ausrichten-eines-festes-empfangs-hochzeit-im-elsass\/\"]}]},{\"@type\":\"BreadcrumbList\",\"@id\":\"https:\/\/villa-mathis.com\/de\/ausrichten-eines-festes-empfangs-hochzeit-im-elsass\/#breadcrumb\",\"itemListElement\":[{\"@type\":\"ListItem\",\"position\":1,\"name\":\"Accueil\",\"item\":\"https:\/\/villa-mathis.com\/de\/\"},{\"@type\":\"ListItem\",\"position\":2,\"name\":\"Ausrichten eines festes, empfangs oder einer hochzeit im Elsass\"}]},{\"@type\":\"WebSite\",\"@id\":\"https:\/\/villa-mathis.com\/#website\",\"url\":\"https:\/\/villa-mathis.com\/\",\"name\":\"La Villa Mathis\",\"description\":\"Sp\u00e9cialiste du S\u00e9minaire et du Mariage (Alsace et Vosges)\",\"potentialAction\":[{\"@type\":\"SearchAction\",\"target\":{\"@type\":\"EntryPoint\",\"urlTemplate\":\"https:\/\/villa-mathis.com\/?s={search_term_string}\"},\"query-input\":\"required name=search_term_string\"}],\"inLanguage\":\"de\"}]}<\/script>\n<!-- \/ Yoast SEO plugin. -->","yoast_head_json":{"title":"Ausrichten eines festes, empfangs oder einer hochzeit im Elsass - La Villa Mathis","description":"F\u00fcr unsere Organisatorin ist es mehr als nur eine Arbeit, sie begleitet Sie mit vollem Herzen und visualisiert Ihre Hochzeit im Elsass","robots":{"index":"index","follow":"follow","max-snippet":"max-snippet:-1","max-image-preview":"max-image-preview:large","max-video-preview":"max-video-preview:-1"},"canonical":"https:\/\/villa-mathis.com\/de\/ausrichten-eines-festes-empfangs-hochzeit-im-elsass\/","og_locale":"de_DE","og_type":"article","og_title":"Ausrichten eines festes, empfangs oder einer hochzeit im Elsass - La Villa Mathis","og_description":"F\u00fcr unsere Organisatorin ist es mehr als nur eine Arbeit, sie begleitet Sie mit vollem Herzen und visualisiert Ihre Hochzeit im Elsass","og_url":"https:\/\/villa-mathis.com\/de\/ausrichten-eines-festes-empfangs-hochzeit-im-elsass\/","og_site_name":"La Villa Mathis","article_publisher":"https:\/\/www.facebook.com\/VillaMathis","article_modified_time":"2019-05-01T06:17:21+00:00","twitter_card":"summary_large_image","twitter_site":"@mathisvilla","twitter_misc":{"Gesch\u00e4tzte Lesezeit":"8\u00a0Minuten"},"schema":{"@context":"https:\/\/schema.org","@graph":[{"@type":"WebPage","@id":"https:\/\/villa-mathis.com\/de\/ausrichten-eines-festes-empfangs-hochzeit-im-elsass\/","url":"https:\/\/villa-mathis.com\/de\/ausrichten-eines-festes-empfangs-hochzeit-im-elsass\/","name":"Ausrichten eines festes, empfangs oder einer hochzeit im Elsass - La Villa Mathis","isPartOf":{"@id":"https:\/\/villa-mathis.com\/#website"},"datePublished":"2017-05-04T13:57:03+00:00","dateModified":"2019-05-01T06:17:21+00:00","description":"F\u00fcr unsere Organisatorin ist es mehr als nur eine Arbeit, sie begleitet Sie mit vollem Herzen und visualisiert Ihre Hochzeit im Elsass","breadcrumb":{"@id":"https:\/\/villa-mathis.com\/de\/ausrichten-eines-festes-empfangs-hochzeit-im-elsass\/#breadcrumb"},"inLanguage":"de","potentialAction":[{"@type":"ReadAction","target":["https:\/\/villa-mathis.com\/de\/ausrichten-eines-festes-empfangs-hochzeit-im-elsass\/"]}]},{"@type":"BreadcrumbList","@id":"https:\/\/villa-mathis.com\/de\/ausrichten-eines-festes-empfangs-hochzeit-im-elsass\/#breadcrumb","itemListElement":[{"@type":"ListItem","position":1,"name":"Accueil","item":"https:\/\/villa-mathis.com\/de\/"},{"@type":"ListItem","position":2,"name":"Ausrichten eines festes, empfangs oder einer hochzeit im Elsass"}]},{"@type":"WebSite","@id":"https:\/\/villa-mathis.com\/#website","url":"https:\/\/villa-mathis.com\/","name":"La Villa Mathis","description":"Sp\u00e9cialiste du S\u00e9minaire et du Mariage (Alsace et Vosges)","potentialAction":[{"@type":"SearchAction","target":{"@type":"EntryPoint","urlTemplate":"https:\/\/villa-mathis.com\/?s={search_term_string}"},"query-input":"required name=search_term_string"}],"inLanguage":"de"}]}},"_links":{"self":[{"href":"https:\/\/villa-mathis.com\/de\/wp-json\/wp\/v2\/pages\/4604"}],"collection":[{"href":"https:\/\/villa-mathis.com\/de\/wp-json\/wp\/v2\/pages"}],"about":[{"href":"https:\/\/villa-mathis.com\/de\/wp-json\/wp\/v2\/types\/page"}],"author":[{"embeddable":true,"href":"https:\/\/villa-mathis.com\/de\/wp-json\/wp\/v2\/users\/4"}],"replies":[{"embeddable":true,"href":"https:\/\/villa-mathis.com\/de\/wp-json\/wp\/v2\/comments?post=4604"}],"version-history":[{"count":4,"href":"https:\/\/villa-mathis.com\/de\/wp-json\/wp\/v2\/pages\/4604\/revisions"}],"predecessor-version":[{"id":5512,"href":"https:\/\/villa-mathis.com\/de\/wp-json\/wp\/v2\/pages\/4604\/revisions\/5512"}],"wp:attachment":[{"href":"https:\/\/villa-mathis.com\/de\/wp-json\/wp\/v2\/media?parent=4604"}],"curies":[{"name":"wp","href":"https:\/\/api.w.org\/{rel}","templated":true}]}}